{"id":449,"date":"2020-08-11T09:32:03","date_gmt":"2020-08-11T07:32:03","guid":{"rendered":"https:\/\/adven-transition.com\/?page_id=449"},"modified":"2025-10-16T16:25:30","modified_gmt":"2025-10-16T14:25:30","slug":"le-management-de-transition","status":"publish","type":"page","link":"https:\/\/adven-transition.com\/fr\/le-management-de-transition\/","title":{"rendered":"Le Management de Transition"},"content":{"rendered":"<div class=\"wpb-content-wrapper\"><div      class=\"vc_row wpb_row section vc_row-fluid  vc_custom_1598352434474 grid_section\" style=' text-align:left;'><div class=\" section_inner clearfix\"><div class='section_inner_margin clearfix'><div class=\"wpb_column vc_column_container vc_col-sm-12\"><div class=\"vc_column-inner\"><div class=\"wpb_wrapper\">\n\t<div class=\"wpb_text_column wpb_content_element  vc_custom_1602862461246\">\n\t\t<div class=\"wpb_wrapper\">\n\t\t\t<h2 style=\"text-align: center;\">Qu&#8217;est-ce que le Management de Transition ?<\/h2>\n\n\t\t<\/div>\n\t<\/div>\n\t<div class=\"wpb_text_column wpb_content_element \">\n\t\t<div class=\"wpb_wrapper\">\n\t\t\t<p>Le Management de Transition trouve son origine aux Pays-Bas et aux \u00c9tats-Unis dans les ann\u00e9es 70. Ce n\u2019est que dans les ann\u00e9es 2000 qu\u2019il appara\u00eet en France, connaissant une croissance importante depuis lors.<\/p>\n<p>&nbsp;<\/p>\n<p>Dans un premier temps, les entreprises ont eu recours au Management de Transition pour faire face \u00e0 des situations de crise ; le m\u00e9tier s\u2019est ensuite \u00e9tendu \u00e0 de nouveaux champs d\u2019intervention pour s\u2019inscrire aujourd\u2019hui comme un management d\u2019urgence ou de changement :<\/p>\n<p>&nbsp;<\/p>\n<p><i class=\"fa fa-arrow-right\" style=\"color: #750736;\" aria-hidden=\"true\"><\/i> Lancement d\u2019un projet strat\u00e9gique ou d\u2019une nouvelle activit\u00e9,<br \/>\n<i class=\"fa fa-arrow-right\" style=\"color: #750736;\" aria-hidden=\"true\"><\/i> Am\u00e9lioration de la performance commerciale, financi\u00e8re ou industrielle,<br \/>\n<i class=\"fa fa-arrow-right\" style=\"color: #750736;\" aria-hidden=\"true\"><\/i> Int\u00e9gration d\u2019une acquisition,<br \/>\n<i class=\"fa fa-arrow-right\" style=\"color: #750736;\" aria-hidden=\"true\"><\/i> Remplacement temporaire d\u2019un cadre cl\u00e9 dans une organisation, etc.<\/p>\n\n\t\t<\/div>\n\t<\/div><\/div><\/div><\/div><\/div><\/div><\/div><div      class=\"vc_row wpb_row section vc_row-fluid  vc_custom_1602230620517\" style=' text-align:left;'><div class=\" full_section_inner clearfix\"><div class=\"wpb_column vc_column_container vc_col-sm-12\"><div class=\"vc_column-inner\"><div class=\"wpb_wrapper\"><div      class=\"vc_row wpb_row section vc_row-fluid vc_inner  grid_section\" style=' text-align:left;'><div class=\" section_inner clearfix\"><div class='section_inner_margin clearfix'><div class=\"wpb_column vc_column_container vc_col-sm-12\"><div class=\"vc_column-inner vc_custom_1602178246726\"><div class=\"wpb_wrapper\">\n\t<div class=\"wpb_text_column wpb_content_element  vc_custom_1602178199356\">\n\t\t<div class=\"wpb_wrapper\">\n\t\t\t<h3 style=\"text-align: center;\"><span style=\"font-weight: 400; color: #ffffff;\">Quels sont les avantages et atouts du Management de Transition ?<\/span><\/h3>\n\n\t\t<\/div>\n\t<\/div><\/div><\/div><\/div><\/div><\/div><\/div><div      class=\"vc_row wpb_row section vc_row-fluid vc_inner  grid_section\" style=' text-align:left;'><div class=\" section_inner clearfix\"><div class='section_inner_margin clearfix'><div class=\"wpb_column vc_column_container vc_col-sm-3 vc_hidden-sm\"><div class=\"vc_column-inner\"><div class=\"wpb_wrapper\">\n\t<div class=\"wpb_single_image wpb_content_element vc_align_left\">\n\t\t<div class=\"wpb_wrapper\">\n\t\t\t\n\t\t\t<div class=\"vc_single_image-wrapper   vc_box_border_grey\"><img decoding=\"async\" width=\"600\" height=\"842\" src=\"https:\/\/adven-transition.com\/wp-content\/uploads\/2020\/10\/management-de-transition-avantages-2.jpg\" class=\"vc_single_image-img attachment-full\" alt=\"\" title=\"management-de-transition-avantages-2\" srcset=\"https:\/\/adven-transition.com\/wp-content\/uploads\/2020\/10\/management-de-transition-avantages-2.jpg 600w, https:\/\/adven-transition.com\/wp-content\/uploads\/2020\/10\/management-de-transition-avantages-2-214x300.jpg 214w\" sizes=\"(max-width: 600px) 100vw, 600px\" \/><\/div>\n\t\t<\/div>\n\t<\/div>\n<\/div><\/div><\/div><div class=\"wpb_column vc_column_container vc_col-sm-9 vc_hidden-sm\"><div class=\"vc_column-inner\"><div class=\"wpb_wrapper\">\n\t<div class=\"wpb_text_column wpb_content_element \">\n\t\t<div class=\"wpb_wrapper\">\n\t\t\t<p><span style=\"font-weight: 400; color: #ffffff;\">Si le Management de Transition conna\u00eet depuis plusieurs ann\u00e9es un essor important et s\u2019impose aujourd\u2019hui comme un outil manag\u00e9rial de r\u00e9f\u00e9rence, il le doit tout autant \u00e0 <\/span><span style=\"color: #2483ae;\">la qualit\u00e9 de ses intervenants<\/span> <span style=\"font-weight: 400; color: #ffffff;\">qu\u2019\u00e0 <\/span><span style=\"color: #2483ae;\">la souplesse de son mod\u00e8le et la puissance de son r\u00e9seau.<\/span><\/p>\n<p>&nbsp;<\/p>\n<p><span style=\"color: #ffffff; font-weight: 400;\">Ainsi, lorsqu\u2019une entreprise se trouve confront\u00e9e \u00e0 une absence temporaire ou une indisponibilit\u00e9 de comp\u00e9tences sp\u00e9cifiques en interne, le recours au recrutement classique est une op\u00e9ration longue \u00e0 laquelle s\u2019ajoute un processus d\u2019int\u00e9gration souvent d\u00e9licat.<\/span><\/p>\n<p>&nbsp;<\/p>\n<p><span style=\"color: #ffffff; font-weight: 400;\">Le Management de Transition est une solution rapide (d\u00e9lais de recrutement instantan\u00e9s) et<\/span> <span style=\"color: #2483ae;\">imm\u00e9diatement op\u00e9rationnelle<\/span>\u00a0<span style=\"font-weight: 400; color: #ffffff;\">au sein de l\u2019entreprise.\u00a0<\/span><\/p>\n<p>&nbsp;<\/p>\n<p><span style=\"font-weight: 400; color: #ffffff;\">Expert dans son domaine et rompu aux situations d\u2019urgence, le Manager de Transition est \u00e0 m\u00eame de <\/span><strong><span style=\"color: #2483ae;\">conduire un projet strat\u00e9gique dans un temps d\u00e9fini <\/span><\/strong><span style=\"font-weight: 400; color: #ffffff;\">sans se pr\u00e9occuper des enjeux politiques et des conflits internes.\u00a0<\/span><\/p>\n<p>&nbsp;<\/p>\n<p><span style=\"font-weight: 400; color: #ffffff;\">Par ailleurs, contrairement au conseiller traditionnel dont le r\u00f4le est d\u2019analyser une situation et de pr\u00e9coniser une solution, le Manager de Transition est l\u00e0 pour <\/span><strong><span style=\"color: #2483ae;\">mettre en \u0153uvre <\/span><span style=\"color: #ffffff;\">et <\/span><span style=\"color: #2483ae;\">ex\u00e9cuter un Plan d\u2019Actions<\/span><\/strong><span style=\"color: #ffffff;\">.<\/span><\/p>\n<p>&nbsp;<\/p>\n<p><span style=\"font-weight: 400;\"><span style=\"color: #ffffff;\">Enfin, si l\u2019int\u00e9rim cadre permet de remplacer une personne \u00e0 un poste vacant dans une logique de continuit\u00e9 au sein d\u2019une organisation, sans bouleverser les pratiques en vigueur, le Management de Transition s\u2019inscrit, quant \u00e0 lui, le plus souvent dans une logique de<\/span> <\/span><strong><span style=\"color: #2483ae;\">transformation<\/span><\/strong> <span style=\"font-weight: 400;\"><span style=\"color: #ffffff;\">et de<\/span> <\/span><strong><span style=\"color: #2483ae;\">changement.<\/span><\/strong><\/p>\n\n\t\t<\/div>\n\t<\/div><\/div><\/div><\/div><\/div><\/div><\/div><div      class=\"vc_row wpb_row section vc_row-fluid vc_inner  grid_section\" style=' text-align:left;'><div class=\" section_inner clearfix\"><div class='section_inner_margin clearfix'><div class=\"wpb_column vc_column_container vc_col-sm-12 vc_hidden-lg vc_hidden-md vc_hidden-xs\"><div class=\"vc_column-inner\"><div class=\"wpb_wrapper\">\n\t<div class=\"wpb_single_image wpb_content_element vc_align_center  vc_custom_1603527665616\">\n\t\t<div class=\"wpb_wrapper\">\n\t\t\t\n\t\t\t<div class=\"vc_single_image-wrapper   vc_box_border_grey\"><img decoding=\"async\" width=\"214\" height=\"300\" src=\"https:\/\/adven-transition.com\/wp-content\/uploads\/2020\/10\/management-de-transition-avantages-2-214x300.jpg\" class=\"vc_single_image-img attachment-medium\" alt=\"\" title=\"management-de-transition-avantages-2\" srcset=\"https:\/\/adven-transition.com\/wp-content\/uploads\/2020\/10\/management-de-transition-avantages-2-214x300.jpg 214w, https:\/\/adven-transition.com\/wp-content\/uploads\/2020\/10\/management-de-transition-avantages-2.jpg 600w\" sizes=\"(max-width: 214px) 100vw, 214px\" \/><\/div>\n\t\t<\/div>\n\t<\/div>\n\n\t<div class=\"wpb_text_column wpb_content_element \">\n\t\t<div class=\"wpb_wrapper\">\n\t\t\t<p><span style=\"font-weight: 400; color: #ffffff;\">Si le Management de Transition conna\u00eet depuis plusieurs ann\u00e9es un essor important et s\u2019impose aujourd\u2019hui comme un outil manag\u00e9rial de r\u00e9f\u00e9rence, il le doit tout autant \u00e0 <\/span><strong><span style=\"color: #2483ae;\">la qualit\u00e9 de ses intervenants<\/span><\/strong> <span style=\"font-weight: 400; color: #ffffff;\">qu\u2019\u00e0 <\/span><span style=\"color: #2483ae;\"><strong>la souplesse de son mod\u00e8le et la puissance de son r\u00e9seau<\/strong><span style=\"font-weight: 400; color: #ffffff;\">.\u00a0<\/span><\/span><\/p>\n<p>&nbsp;<\/p>\n<p><span style=\"font-weight: 400;\"><span style=\"color: #ffffff;\">Ainsi, lorsqu\u2019une entreprise se trouve confront\u00e9e \u00e0 une absence temporaire ou une indisponibilit\u00e9 de comp\u00e9tences sp\u00e9cifiques en interne, le recours au recrutement classique est une op\u00e9ration longue \u00e0 laquelle s\u2019ajoute un processus d\u2019int\u00e9gration souvent d\u00e9licat.<\/span>\u00a0<\/span><\/p>\n<p>&nbsp;<\/p>\n<p><span style=\"font-weight: 400;\"><span style=\"color: #ffffff;\">Le Management de Transition est une solution<\/span> <\/span><strong><span style=\"color: #2483ae;\">rapide <\/span><\/strong><span style=\"font-weight: 400;\"><span style=\"color: #ffffff;\">(d\u00e9lais de recrutement instantan\u00e9s) et<\/span> <\/span><strong><span style=\"color: #2483ae;\">imm\u00e9diatement op\u00e9rationnelle<\/span><\/strong> <span style=\"font-weight: 400; color: #ffffff;\">au sein de l\u2019entreprise.\u00a0<\/span><\/p>\n<p>&nbsp;<\/p>\n<p><span style=\"font-weight: 400; color: #ffffff;\">Expert dans son domaine et rompu aux situations d\u2019urgence, le Manager de Transition est \u00e0 m\u00eame de <\/span><strong><span style=\"color: #2483ae;\">conduire un projet strat\u00e9gique dans un temps d\u00e9fini <\/span><\/strong><span style=\"font-weight: 400; color: #ffffff;\">sans se pr\u00e9occuper des enjeux politiques et des conflits internes.\u00a0<\/span><\/p>\n<p>&nbsp;<\/p>\n<p><span style=\"font-weight: 400; color: #ffffff;\">Par ailleurs, contrairement au conseiller traditionnel dont le r\u00f4le est d\u2019analyser une situation et de pr\u00e9coniser une solution, le Manager de Transition est l\u00e0 pour <\/span><strong><span style=\"color: #2483ae;\">mettre en \u0153uvre <\/span><\/strong><span style=\"font-weight: 400; color: #ffffff;\">et <\/span><strong><span style=\"color: #2483ae;\">ex\u00e9cuter un Plan d\u2019Actions<\/span><\/strong><span style=\"color: #ffffff;\">.<\/span><\/p>\n<p>&nbsp;<\/p>\n<p><span style=\"font-weight: 400;\"><span style=\"color: #ffffff;\">Enfin, si l\u2019int\u00e9rim cadre permet de remplacer une personne \u00e0 un poste vacant dans une logique de continuit\u00e9 au sein d\u2019une organisation, sans bouleverser les pratiques en vigueur, le Management de Transition s\u2019inscrit, quant \u00e0 lui, le plus souvent dans une logique de<\/span> <\/span><strong><span style=\"color: #2483ae;\">transformation<\/span><\/strong> <span style=\"font-weight: 400;\"><span style=\"color: #ffffff;\">et de<\/span> <\/span><strong><span style=\"color: #2483ae;\">changement.<\/span><\/strong><\/p>\n\n\t\t<\/div>\n\t<\/div><\/div><\/div><\/div><\/div><\/div><\/div><\/div><\/div><\/div><\/div><\/div><div      class=\"vc_row wpb_row section vc_row-fluid  vc_custom_1598352454010 grid_section\" style=' text-align:left;'><div class=\" section_inner clearfix\"><div class='section_inner_margin clearfix'><div class=\"wpb_column vc_column_container vc_col-sm-12\"><div class=\"vc_column-inner\"><div class=\"wpb_wrapper\">\n\t<div class=\"wpb_text_column wpb_content_element \">\n\t\t<div class=\"wpb_wrapper\">\n\t\t\t<h2 style=\"text-align: center;\">A quels types de mission nos Managers de Transition sont-ils confront\u00e9s ?<\/h2>\n\n\t\t<\/div>\n\t<\/div><\/div><\/div><\/div><\/div><\/div><\/div><div      class=\"vc_row wpb_row section vc_row-fluid  expertiseblocs vc_custom_1601367500259\" style=' text-align:left;'><div class=\" full_section_inner clearfix\"><div class=\"wpb_column vc_column_container vc_col-sm-12 vc_hidden-sm vc_col-has-fill\"><div class=\"vc_column-inner vc_custom_1604336220803\"><div class=\"wpb_wrapper\"><div      class=\"vc_row wpb_row section vc_row-fluid vc_inner  expertiseline vc_custom_1602753204532 grid_section\" style=' text-align:left;'><div class=\" section_inner clearfix\"><div class='section_inner_margin clearfix'><div class=\"wpb_column vc_column_container vc_col-sm-4 vc_col-has-fill\"><div class=\"vc_column-inner vc_custom_1734682389444\"><div class=\"wpb_wrapper\"><span data-type=\"circle\" data-hover-bg-color=\"#750736\" data-hover-icon-color=\"#ffffff\" class=\"qode_icon_shortcode fa-stack q_font_awsome_icon_stack fa-3x pull-center q_icon_animation\" style=\"margin: -50px 0 0 0; \"><i class=\"fa fa-circle fa-stack-base fa-stack-2x\" style=\"color: #750736;\"><\/i><i class=\"qode_icon_font_awesome_5 fa5 fa fa-bezier-curve qode_icon_element fa-stack-1x\" style=\"color: #ffffff;\" ><\/i><\/span>\n\t<div class=\"wpb_text_column wpb_content_element  vc_custom_1603379632015\">\n\t\t<div class=\"wpb_wrapper\">\n\t\t\t<h3 style=\"text-align: center;\"><strong>Transformation <\/strong><\/h3>\n<h3 style=\"text-align: center;\"><strong>organisationnelle<\/strong><\/h3>\n\n\t\t<\/div>\n\t<\/div><div class=\"separator  small center  \" style=\"background-color: #750736;height: 2px;width: 80px;\"><\/div>\n\t<div class=\"wpb_text_column wpb_content_element  vc_custom_1602229651414\">\n\t\t<div class=\"wpb_wrapper\">\n\t\t\t<div class=\"su-expand su-expand-collapsed su-expand-link-style-default\" data-height=\"0\"><div class=\"su-expand-content su-u-trim\" style=\"color:#333333;max-height:0px;overflow:hidden\"><\/p>\n<p><span style=\"color: #ffffff\">Pour faire <strong>face aux d\u00e9fis \u00e9conomiques<\/strong> qui se dressent tout au long du cycle de vie d\u2019une entreprise, certaines font le choix de s\u2019attacher les services d\u2019un <strong>Manager exp\u00e9riment\u00e9 <\/strong>afin d\u2019anticiper et d\u2019assurer\u00a0:<\/span><\/p>\n<p>&nbsp;<\/p>\n<p><i class=\"fa fa-arrow-right\" style=\"color: #750736\" aria-hidden=\"true\"><\/i> <span style=\"color: #ffffff\">La r\u00e9ussite et l\u2019harmonisation d\u2019une fusion ou d\u2019une acquisition,<\/span><br \/>\n<i class=\"fa fa-arrow-right\" style=\"color: #750736\" aria-hidden=\"true\"><\/i> <span style=\"color: #ffffff\">Une r\u00e9organisation interne,<\/span><br \/>\n<i class=\"fa fa-arrow-right\" style=\"color: #750736\" aria-hidden=\"true\"><\/i> <span style=\"color: #ffffff\">La mise en place d\u2019un nouvel ERP,<\/span><br \/>\n<i class=\"fa fa-arrow-right\" style=\"color: #750736\" aria-hidden=\"true\"><\/i> <span style=\"color: #ffffff\">Un transfert d\u2019activit\u00e9s (d\u00e9tourage),<\/span><br \/>\n<i class=\"fa fa-arrow-right\" style=\"color: #750736\" aria-hidden=\"true\"><\/i> <span style=\"color: #ffffff\">Une \u00e9volution technologique majeure,<\/span><br \/>\n<i class=\"fa fa-arrow-right\" style=\"color: #750736\" aria-hidden=\"true\"><\/i> <span style=\"color: #ffffff\">Une diversification de ses activit\u00e9s.<\/span><\/p>\n<p style=\"text-align: center;padding-top: 20px;padding-bottom: 20px\"><a class=\"buttexpert\" href=\"https:\/\/adven-transition.com\/contact\/\" target=\"_self\" rel=\"noopener noreferrer\"><span class=\"qode-btn-text\">Contactez-nous!<\/span><\/a><\/p>\n<p><\/div><div class=\"su-expand-link su-expand-link-more\" style=\"text-align:center\"><a href=\"javascript:;\" style=\"color:#000;border-color:#000\"><span style=\"border-color:#000\">Afficher plus<\/span><\/a><\/div><div class=\"su-expand-link su-expand-link-less\" style=\"text-align:center\"><a href=\"javascript:;\" style=\"color:#000;border-color:#000\"><span style=\"border-color:#000\">Afficher moins<\/span><\/a><\/div><\/div>\n\n\t\t<\/div>\n\t<\/div><\/div><\/div><\/div><div class=\"colh wpb_column vc_column_container vc_col-sm-4 vc_col-has-fill\"><div class=\"vc_column-inner vc_custom_1602753185597\"><div class=\"wpb_wrapper\"><span data-type=\"circle\" data-hover-bg-color=\"#750736\" data-hover-icon-color=\"#ffffff\" class=\"qode_icon_shortcode fa-stack q_font_awsome_icon_stack fa-3x pull-center q_icon_animation\" style=\"margin: -50px auto auto auto !important; \"><i class=\"fa fa-circle fa-stack-base fa-stack-2x\" style=\"color: #750736;\"><\/i><i class=\"qode_icon_font_awesome_5 fa5 fa fa-tasks qode_icon_element fa-stack-1x\" style=\"color: #ffffff;\" ><\/i><\/span>\n\t<div class=\"wpb_text_column wpb_content_element  vc_custom_1603379660400\">\n\t\t<div class=\"wpb_wrapper\">\n\t\t\t<h3 style=\"text-align: center;\"><strong>Lancement d\u2019un projet <\/strong><\/h3>\n<h3 style=\"text-align: center;\"><strong>strat\u00e9gique<\/strong><\/h3>\n\n\t\t<\/div>\n\t<\/div><div class=\"separator  small center  \" style=\"background-color: #750736;height: 2px;width: 80px;\"><\/div>\n\t<div class=\"wpb_text_column wpb_content_element  vc_custom_1604332953594\">\n\t\t<div class=\"wpb_wrapper\">\n\t\t\t<div class=\"su-expand su-expand-collapsed su-expand-link-style-default\" data-height=\"0\"><div class=\"su-expand-content su-u-trim\" style=\"color:#333333;max-height:0px;overflow:hidden\"><\/p>\n<p>Nos Managers de Transition vous accompagnent depuis la phase de <strong>d\u00e9finition des enjeux<\/strong> jusqu\u2019\u00e0 l\u2019<strong>atteinte des objectifs<\/strong>, en passant par la mise en \u0153uvre et l\u2019<strong>ex\u00e9cution du Plan d\u2019actions<\/strong> de vos projets\u00a0:<\/p>\n<p>&nbsp;<\/p>\n<p><i class=\"fa fa-arrow-right\" style=\"color: #750736\" aria-hidden=\"true\"><\/i> Lancement d\u2019un nouveau produit ou d\u2019un nouveau service,<br \/>\n<i class=\"fa fa-arrow-right\" style=\"color: #750736\" aria-hidden=\"true\"><\/i> Ouverture d\u2019une filiale, d\u00e9veloppement \u00e0 l\u2019international,<br \/>\n<i class=\"fa fa-arrow-right\" style=\"color: #750736\" aria-hidden=\"true\"><\/i> Conduite d\u2019une IPO.<\/p>\n<p style=\"text-align: center;padding-top: 20px;padding-bottom: 20px\"><a class=\"buttexpert\" href=\"https:\/\/adven-transition.com\/contact\/\" target=\"_self\" rel=\"noopener noreferrer\"><span class=\"qode-btn-text\">Contactez-nous!<\/span><\/a><\/p>\n<p><\/div><div class=\"su-expand-link su-expand-link-more\" style=\"text-align:center\"><a href=\"javascript:;\" style=\"color:#000;border-color:#000\"><span style=\"border-color:#000\">Afficher plus<\/span><\/a><\/div><div class=\"su-expand-link su-expand-link-less\" style=\"text-align:center\"><a href=\"javascript:;\" style=\"color:#000;border-color:#000\"><span style=\"border-color:#000\">Afficher moins<\/span><\/a><\/div><\/div>\n\n\t\t<\/div>\n\t<\/div><\/div><\/div><\/div><div class=\"colh wpb_column vc_column_container vc_col-sm-4 vc_col-has-fill\"><div class=\"vc_column-inner vc_custom_1602753194738\"><div class=\"wpb_wrapper\"><span data-type=\"circle\" data-hover-bg-color=\"#750736\" data-hover-icon-color=\"#ffffff\" class=\"qode_icon_shortcode fa-stack q_font_awsome_icon_stack fa-3x pull-center q_icon_animation\" style=\"margin: -50px auto auto auto !important; \"><i class=\"fa fa-circle fa-stack-base fa-stack-2x\" style=\"color: #750736;\"><\/i><i class=\"qode_icon_font_awesome_5 fa5 fa fa-tachometer-alt qode_icon_element fa-stack-1x\" style=\"color: #ffffff;\" ><\/i><\/span>\n\t<div class=\"wpb_text_column wpb_content_element  vc_custom_1601484675504\">\n\t\t<div class=\"wpb_wrapper\">\n\t\t\t<h3 style=\"text-align: center;\"><strong>Am\u00e9lioration <\/strong><\/h3>\n<h3 style=\"text-align: center;\"><strong>de la performance<\/strong><\/h3>\n\n\t\t<\/div>\n\t<\/div><div class=\"separator  small center  \" style=\"background-color: #750736;height: 2px;width: 80px;\"><\/div>\n\t<div class=\"wpb_text_column wpb_content_element  vc_custom_1604333022996\">\n\t\t<div class=\"wpb_wrapper\">\n\t\t\t<div class=\"su-expand su-expand-collapsed su-expand-link-style-default\" data-height=\"0\"><div class=\"su-expand-content su-u-trim\" style=\"color:#333333;max-height:0px;overflow:hidden\"><\/p>\n<p>Nos Managers de Transition allient <strong>comp\u00e9tences<\/strong> et <strong>exp\u00e9rience<\/strong> afin de <strong>comprendre vos probl\u00e9matiques<\/strong> et vous apporter la solution la plus adapt\u00e9e en termes :<\/p>\n<p>&nbsp;<\/p>\n<p><i class=\"fa fa-arrow-right\" style=\"color: #750736\" aria-hidden=\"true\"><\/i> D\u2019am\u00e9lioration des performances (logistiques, commerciales, financi\u00e8res, informatiques\u2026),<br \/>\n<i class=\"fa fa-arrow-right\" style=\"color: #750736\" aria-hidden=\"true\"><\/i> De refonte et reengineering des processus,<br \/>\n<i class=\"fa fa-arrow-right\" style=\"color: #750736\" aria-hidden=\"true\"><\/i> De Due-Diligence op\u00e9rationnelle,<br \/>\n<i class=\"fa fa-arrow-right\" style=\"color: #750736\" aria-hidden=\"true\"><\/i> D\u2019accompagnement op\u00e9rationnel de dirigeants.<\/p>\n<p style=\"text-align: center;padding-top: 20px;padding-bottom: 20px\"><a class=\"buttexpert\" href=\"https:\/\/adven-transition.com\/contact\/\" target=\"_self\" rel=\"noopener noreferrer\"><span class=\"qode-btn-text\">Contactez-nous!<\/span><\/a><\/p>\n<p><\/div><div class=\"su-expand-link su-expand-link-more\" style=\"text-align:center\"><a href=\"javascript:;\" style=\"color:#000;border-color:#000\"><span style=\"border-color:#000\">Afficher plus<\/span><\/a><\/div><div class=\"su-expand-link su-expand-link-less\" style=\"text-align:center\"><a href=\"javascript:;\" style=\"color:#000;border-color:#000\"><span style=\"border-color:#000\">Afficher moins<\/span><\/a><\/div><\/div>\n\n\t\t<\/div>\n\t<\/div><\/div><\/div><\/div><\/div><\/div><\/div><div      class=\"vc_row wpb_row section vc_row-fluid vc_inner  vc_custom_1602753266819 grid_section\" style=' text-align:left;'><div class=\" section_inner clearfix\"><div class='section_inner_margin clearfix'><div class=\"wpb_column vc_column_container vc_col-sm-4 vc_col-has-fill\"><div class=\"vc_column-inner vc_custom_1602753239874\"><div class=\"wpb_wrapper\"><span data-type=\"circle\" data-hover-bg-color=\"#750736\" data-hover-icon-color=\"#ffffff\" class=\"qode_icon_shortcode fa-stack q_font_awsome_icon_stack fa-3x pull-center q_icon_animation\" style=\"margin: -50px auto auto auto !important; \"><i class=\"fa fa-circle fa-stack-base fa-stack-2x\" style=\"color: #750736;\"><\/i><i class=\"qode_icon_font_awesome_5 fa5 fa fa-exclamation-triangle qode_icon_element fa-stack-1x\" style=\"color: #ffffff;\" ><\/i><\/span>\n\t<div class=\"wpb_text_column wpb_content_element  vc_custom_1601484700310\">\n\t\t<div class=\"wpb_wrapper\">\n\t\t\t<h3 style=\"text-align: center;\"><strong>Gestion<\/strong><\/h3>\n<h3 style=\"text-align: center;\"><strong>de crise<\/strong><\/h3>\n\n\t\t<\/div>\n\t<\/div><div class=\"separator  small center  \" style=\"background-color: #750736;height: 2px;width: 80px;\"><\/div>\n\t<div class=\"wpb_text_column wpb_content_element  vc_custom_1604333261738\">\n\t\t<div class=\"wpb_wrapper\">\n\t\t\t<div class=\"su-expand su-expand-collapsed su-expand-link-style-default\" data-height=\"0\"><div class=\"su-expand-content su-u-trim\" style=\"color:#333333;max-height:0px;overflow:hidden\"><\/p>\n<p>Le Management de Transition est une solution <strong>rapide<\/strong>, <strong>efficace<\/strong> et <strong>adapt\u00e9e<\/strong> lorsqu\u2019une entreprise se trouve confront\u00e9e \u00e0 une <strong>situation de crise<\/strong> ou d\u2019urgence\u00a0:<\/p>\n<p>&nbsp;<\/p>\n<p><i class=\"fa fa-arrow-right\" style=\"color: #750736\" aria-hidden=\"true\"><\/i> Optimisation de la tr\u00e9sorerie et du BFR,<br \/>\n<i class=\"fa fa-arrow-right\" style=\"color: #750736\" aria-hidden=\"true\"><\/i> Restructuration de la dette,<br \/>\n<i class=\"fa fa-arrow-right\" style=\"color: #750736\" aria-hidden=\"true\"><\/i> Cession d\u2019actifs non strat\u00e9giques \/ D\u00e9tourage,<br \/>\n<i class=\"fa fa-arrow-right\" style=\"color: #750736\" aria-hidden=\"true\"><\/i> Redressement \/ Retournement \/ Restructuration,<br \/>\n<i class=\"fa fa-arrow-right\" style=\"color: #750736\" aria-hidden=\"true\"><\/i> Fermeture de site,<br \/>\n<i class=\"fa fa-arrow-right\" style=\"color: #750736\" aria-hidden=\"true\"><\/i> Mise en place d\u2019un plan de sauvegarde de l\u2019emploi,<br \/>\n<i class=\"fa fa-arrow-right\" style=\"color: #750736\" aria-hidden=\"true\"><\/i> Accompagnement dans le cadre d\u2019une proc\u00e9dure de sauvegarde, de redressement ou de liquidation judiciaire,<br \/>\n<i class=\"fa fa-arrow-right\" style=\"color: #750736\" aria-hidden=\"true\"><\/i> Mise en place d\u2019une strat\u00e9gie de communication interne et externe.<\/p>\n<p style=\"text-align: center;padding-top: 20px;padding-bottom: 20px\"><a class=\"buttexpert\" href=\"https:\/\/adven-transition.com\/contact\/\" target=\"_self\" rel=\"noopener noreferrer\"><span class=\"qode-btn-text\">Contactez-nous!<\/span><\/a><\/p>\n<p><\/div><div class=\"su-expand-link su-expand-link-more\" style=\"text-align:center\"><a href=\"javascript:;\" style=\"color:#000;border-color:#000\"><span style=\"border-color:#000\">Afficher plus<\/span><\/a><\/div><div class=\"su-expand-link su-expand-link-less\" style=\"text-align:center\"><a href=\"javascript:;\" style=\"color:#000;border-color:#000\"><span style=\"border-color:#000\">Afficher moins<\/span><\/a><\/div><\/div>\n\n\t\t<\/div>\n\t<\/div><\/div><\/div><\/div><div class=\"wpb_column vc_column_container vc_col-sm-4 vc_col-has-fill\"><div class=\"vc_column-inner vc_custom_1602753246601\"><div class=\"wpb_wrapper\"><span data-type=\"circle\" data-hover-bg-color=\"#750736\" data-hover-icon-color=\"#ffffff\" class=\"qode_icon_shortcode fa-stack q_font_awsome_icon_stack fa-3x pull-center q_icon_animation\" style=\"margin: -50px auto auto auto !important; \"><i class=\"fa fa-circle fa-stack-base fa-stack-2x\" style=\"color: #750736;\"><\/i><i class=\"qode_icon_font_awesome_5 fa5 fa fa-sitemap qode_icon_element fa-stack-1x\" style=\"color: #ffffff;\" ><\/i><\/span>\n\t<div class=\"wpb_text_column wpb_content_element  vc_custom_1601484709010\">\n\t\t<div class=\"wpb_wrapper\">\n\t\t\t<h3 style=\"text-align: center;\"><strong>Gouvernance<\/strong><\/h3>\n<h3 style=\"text-align: center;\"><strong>d\u2019entreprise<\/strong><\/h3>\n\n\t\t<\/div>\n\t<\/div><div class=\"separator  small center  \" style=\"background-color: #750736;height: 2px;width: 80px;\"><\/div>\n\t<div class=\"wpb_text_column wpb_content_element  vc_custom_1603379564142\">\n\t\t<div class=\"wpb_wrapper\">\n\t\t\t<div class=\"su-expand su-expand-collapsed su-expand-link-style-default\" data-height=\"0\"><div class=\"su-expand-content su-u-trim\" style=\"color:#333333;max-height:0px;overflow:hidden\"><\/p>\n<p><span style=\"color: #ffffff\">Afin d\u2019harmoniser les r\u00e8gles et les principes de <strong>gouvernance d\u2019une entreprise<\/strong> vis-\u00e0-vis de ses <strong>enjeux de transformation<\/strong> ou des <strong>nouvelles r\u00e8glementations<\/strong> en vigueur, nous vous accompagnons dans les situations suivantes\u00a0:<\/span><\/p>\n<p>&nbsp;<\/p>\n<p><i class=\"fa fa-arrow-right\" style=\"color: #750736\" aria-hidden=\"true\"><\/i> <span style=\"color: #ffffff\">Staffing et mise en place d\u2019administrateurs ind\u00e9pendants,<\/span><br \/>\n<i class=\"fa fa-arrow-right\" style=\"color: #750736\" aria-hidden=\"true\"><\/i> <span style=\"color: #ffffff\">Remplacement d\u2019un mandataire social,<\/span><br \/>\n<i class=\"fa fa-arrow-right\" style=\"color: #750736\" aria-hidden=\"true\"><\/i> <span style=\"color: #ffffff\">Prise de mandats sociaux non ex\u00e9cutifs.<\/span><\/p>\n<p style=\"text-align: center;padding-top: 20px;padding-bottom: 20px\"><a class=\"buttexpert\" href=\"https:\/\/adven-transition.com\/contact\/\" target=\"_self\" rel=\"noopener noreferrer\"><span class=\"qode-btn-text\">Contactez-nous!<\/span><\/a><\/p>\n<p><\/div><div class=\"su-expand-link su-expand-link-more\" style=\"text-align:center\"><a href=\"javascript:;\" style=\"color:#000;border-color:#000\"><span style=\"border-color:#000\">Afficher plus<\/span><\/a><\/div><div class=\"su-expand-link su-expand-link-less\" style=\"text-align:center\"><a href=\"javascript:;\" style=\"color:#000;border-color:#000\"><span style=\"border-color:#000\">Afficher moins<\/span><\/a><\/div><\/div>\n\n\t\t<\/div>\n\t<\/div><\/div><\/div><\/div><div class=\"wpb_column vc_column_container vc_col-sm-4 vc_col-has-fill\"><div class=\"vc_column-inner vc_custom_1602753253069\"><div class=\"wpb_wrapper\"><span data-type=\"circle\" data-hover-bg-color=\"#750736\" data-hover-icon-color=\"#ffffff\" class=\"qode_icon_shortcode fa-stack q_font_awsome_icon_stack fa-3x pull-center q_icon_animation\" style=\"margin: -50px auto auto auto !important; \"><i class=\"fa fa-circle fa-stack-base fa-stack-2x\" style=\"color: #750736;\"><\/i><i class=\"qode_icon_font_awesome_5 fa5 fa fa-user-cog qode_icon_element fa-stack-1x\" style=\"color: #ffffff;\" ><\/i><\/span>\n\t<div class=\"wpb_text_column wpb_content_element  vc_custom_1601401628683\">\n\t\t<div class=\"wpb_wrapper\">\n\t\t\t<h3 style=\"text-align: center;\"><strong>Direction fonctionnelle \u00e0 temps partag\u00e9<\/strong><\/h3>\n\n\t\t<\/div>\n\t<\/div><div class=\"separator  small center  \" style=\"background-color: #750736;height: 2px;width: 80px;\"><\/div>\n\t<div class=\"wpb_text_column wpb_content_element  vc_custom_1601988626533\">\n\t\t<div class=\"wpb_wrapper\">\n\t\t\t<div class=\"su-expand su-expand-collapsed su-expand-link-style-default\" data-height=\"0\"><div class=\"su-expand-content su-u-trim\" style=\"color:#333333;max-height:0px;overflow:hidden\"><\/p>\n<p>Nous mettons \u00e0 la disposition de nos clients, \u00e0 raison de quelques jours par semaine ou par mois, l\u2019<strong>expertise fonctionnelle et op\u00e9rationnelle<\/strong> de nos Managers de Transition afin d\u2019assurer la Direction administrative et financi\u00e8re, la Direction juridique et fiscale et\/ou la Direction des ressources humaines, dans le cas\u00a0:<\/p>\n<p>&nbsp;<\/p>\n<p><i class=\"fa fa-arrow-right\" style=\"color: #750736\" aria-hidden=\"true\"><\/i> D\u2019une entreprise en croissance n\u00e9cessitant l\u2019expertise technique et fonctionnelle indispensable \u00e0 son d\u00e9veloppement,<br \/>\n<i class=\"fa fa-arrow-right\" style=\"color: #750736\" aria-hidden=\"true\"><\/i> D\u2019une entreprise faisant face \u00e0 une situation de crise qui n\u00e9cessite un r\u00e9ajustement des effectifs, et souhaitant conserver les comp\u00e9tences cl\u00e9s n\u00e9cessaires \u00e0 sa survie.<\/p>\n<p style=\"text-align: center;padding-top: 20px;padding-bottom: 20px\"><a class=\"buttexpert\" href=\"https:\/\/adven-transition.com\/contact\/\" target=\"_self\" rel=\"noopener noreferrer\"><span class=\"qode-btn-text\">Contactez-nous!<\/span><\/a><\/p>\n<p><\/div><div class=\"su-expand-link su-expand-link-more\" style=\"text-align:center\"><a href=\"javascript:;\" style=\"color:#000;border-color:#000\"><span style=\"border-color:#000\">Afficher plus<\/span><\/a><\/div><div class=\"su-expand-link su-expand-link-less\" style=\"text-align:center\"><a href=\"javascript:;\" style=\"color:#000;border-color:#000\"><span style=\"border-color:#000\">Afficher moins<\/span><\/a><\/div><\/div>\n\n\t\t<\/div>\n\t<\/div><\/div><\/div><\/div><\/div><\/div><\/div><div      class=\"vc_row wpb_row section vc_row-fluid vc_inner  vc_custom_1602753291003 grid_section disable_negative_margin\" style=' text-align:left;'><div class=\" section_inner clearfix\"><div class='section_inner_margin clearfix'><div class=\"wpb_column vc_column_container vc_col-sm-12 vc_col-has-fill\"><div class=\"vc_column-inner vc_custom_1603379755571\"><div class=\"wpb_wrapper\"><span data-type=\"circle\" data-hover-bg-color=\"#750736\" data-hover-icon-color=\"#ffffff\" class=\"qode_icon_shortcode fa-stack q_font_awsome_icon_stack fa-3x pull-center q_icon_animation\" style=\"margin: -50px auto auto auto !important; \"><i class=\"fa fa-circle fa-stack-base fa-stack-2x\" style=\"color: #750736;\"><\/i><i class=\"qode_icon_font_awesome_5 fa5 fab fa-keycdn qode_icon_element fa-stack-1x\" style=\"color: #ffffff;\" ><\/i><\/span>\n\t<div class=\"wpb_text_column wpb_content_element  vc_custom_1601401644631\">\n\t\t<div class=\"wpb_wrapper\">\n\t\t\t<h3 style=\"text-align: center;\"><strong>Remplacement temporaire d\u2019un dirigeant ou d\u2019un cadre cl\u00e9 dans une organisation<\/strong><\/h3>\n\n\t\t<\/div>\n\t<\/div><div class=\"separator  small center  \" style=\"background-color: #750736;height: 2px;width: 80px;\"><\/div>\n\t<div class=\"wpb_text_column wpb_content_element  vc_custom_1604336137354\">\n\t\t<div class=\"wpb_wrapper\">\n\t\t\t<div class=\"su-expand su-expand-collapsed su-expand-link-style-default\" data-height=\"0\"><div class=\"su-expand-content su-u-trim\" style=\"color:#333333;max-height:0px;overflow:hidden\"><\/p>\n<p><strong>Imm\u00e9diatement op\u00e9rationnels et disponibles<\/strong>, nos Managers de Transition assurent la <strong>continuit\u00e9 des services<\/strong> d\u2019une entreprise suite\u00a0aux \u00e9v\u00e9nements suivants :<\/p>\n<p>&nbsp;<\/p>\n<p><i class=\"fa fa-arrow-right\" style=\"color: #750736\" aria-hidden=\"true\"><\/i> D\u00e9part pr\u00e9cipit\u00e9 d\u2019un cadre dirigeant ou d\u2019un fondateur,<br \/>\n<i class=\"fa fa-arrow-right\" style=\"color: #750736\" aria-hidden=\"true\"><\/i> Absence temporaire (maladie, accident, \u2026) ou d\u00e9c\u00e8s d\u2019un cadre cl\u00e9,<br \/>\n<i class=\"fa fa-arrow-right\" style=\"color: #750736\" aria-hidden=\"true\"><\/i> Besoin ponctuel d\u2019expertise,<br \/>\n<i class=\"fa fa-arrow-right\" style=\"color: #750736\" aria-hidden=\"true\"><\/i> Cr\u00e9ation de poste pour une p\u00e9riode de temps d\u00e9finie,<br \/>\n<i class=\"fa fa-arrow-right\" style=\"color: #750736\" aria-hidden=\"true\"><\/i> Management Relais dans le cadre de la finalisation d\u2019un recrutement permanent,<br \/>\n<i class=\"fa fa-arrow-right\" style=\"color: #750736\" aria-hidden=\"true\"><\/i> Transmission d\u2019entreprise.<\/p>\n<p style=\"text-align: center;padding-top: 20px;padding-bottom: 20px\"><a class=\"buttexpert\" href=\"https:\/\/adven-transition.com\/contact\/\" target=\"_self\" rel=\"noopener noreferrer\"><span class=\"qode-btn-text\">Contactez-nous!<\/span><\/a><\/p>\n<p><\/div><div class=\"su-expand-link su-expand-link-more\" style=\"text-align:center\"><a href=\"javascript:;\" style=\"color:#000;border-color:#000\"><span style=\"border-color:#000\">Afficher plus<\/span><\/a><\/div><div class=\"su-expand-link su-expand-link-less\" style=\"text-align:center\"><a href=\"javascript:;\" style=\"color:#000;border-color:#000\"><span style=\"border-color:#000\">Afficher moins<\/span><\/a><\/div><\/div>\n\n\t\t<\/div>\n\t<\/div><\/div><\/div><\/div><\/div><\/div><\/div><\/div><\/div><\/div><\/div><\/div><div      class=\"vc_row wpb_row section vc_row-fluid  expertiseblocs vc_custom_1601367500259\" style=' text-align:left;'><div class=\" full_section_inner clearfix\"><div class=\"wpb_column vc_column_container vc_col-sm-12 vc_hidden-lg vc_hidden-md vc_hidden-xs vc_col-has-fill\"><div class=\"vc_column-inner vc_custom_1602177551203\"><div class=\"wpb_wrapper\"><div      class=\"vc_row wpb_row section vc_row-fluid vc_inner  expertiseline grid_section\" style=' text-align:left;'><div class=\" section_inner clearfix\"><div class='section_inner_margin clearfix'><div class=\"wpb_column vc_column_container vc_col-sm-6 vc_col-has-fill\"><div class=\"vc_column-inner vc_custom_1602171575537\"><div class=\"wpb_wrapper\"><span data-type=\"circle\" data-hover-bg-color=\"#750736\" data-hover-icon-color=\"#ffffff\" class=\"qode_icon_shortcode fa-stack q_font_awsome_icon_stack fa-3x pull-center q_icon_animation\" style=\"margin: -50px auto auto auto !important; \"><i class=\"fa fa-circle fa-stack-base fa-stack-2x\" style=\"color: #750736;\"><\/i><i class=\"qode_icon_font_awesome_5 fa5 fa fa-bezier-curve qode_icon_element fa-stack-1x\" style=\"color: #ffffff;\" ><\/i><\/span>\n\t<div class=\"wpb_text_column wpb_content_element  vc_custom_1601289101883\">\n\t\t<div class=\"wpb_wrapper\">\n\t\t\t<h3 style=\"text-align: center;\"><strong>Transformation organisationnelle<\/strong><\/h3>\n\n\t\t<\/div>\n\t<\/div><div class=\"separator  small center  \" style=\"background-color: #750736;height: 2px;width: 80px;\"><\/div>\n\t<div class=\"wpb_text_column wpb_content_element  vc_custom_1603381558375\">\n\t\t<div class=\"wpb_wrapper\">\n\t\t\t<div class=\"su-expand su-expand-collapsed su-expand-link-style-default\" data-height=\"0\"><div class=\"su-expand-content su-u-trim\" style=\"color:#333333;max-height:0px;overflow:hidden\"><\/p>\n<p><span style=\"color: #ffffff\">Pour faire <strong>face aux d\u00e9fis \u00e9conomiques<\/strong> qui se dressent tout au long du cycle de vie d\u2019une entreprise, certaines font le choix de s\u2019attacher les services d\u2019un <strong>Manager exp\u00e9riment\u00e9 <\/strong>afin d\u2019anticiper et d\u2019assurer\u00a0:<\/span><\/p>\n<p>&nbsp;<\/p>\n<p><i class=\"fa fa-arrow-right\" style=\"color: #750736\" aria-hidden=\"true\"><\/i> <span style=\"color: #ffffff\">La r\u00e9ussite et l\u2019harmonisation d\u2019une fusion ou d\u2019une acquisition,<\/span><br \/>\n<i class=\"fa fa-arrow-right\" style=\"color: #750736\" aria-hidden=\"true\"><\/i> <span style=\"color: #ffffff\">Une r\u00e9organisation interne,<\/span><br \/>\n<i class=\"fa fa-arrow-right\" style=\"color: #750736\" aria-hidden=\"true\"><\/i> <span style=\"color: #ffffff\">La mise en place d\u2019un nouvel ERP,<\/span><br \/>\n<i class=\"fa fa-arrow-right\" style=\"color: #750736\" aria-hidden=\"true\"><\/i> <span style=\"color: #ffffff\">Un transfert d\u2019activit\u00e9s (d\u00e9tourage),<\/span><br \/>\n<i class=\"fa fa-arrow-right\" style=\"color: #750736\" aria-hidden=\"true\"><\/i> <span style=\"color: #ffffff\">Une \u00e9volution technologique majeure,<\/span><br \/>\n<i class=\"fa fa-arrow-right\" style=\"color: #750736\" aria-hidden=\"true\"><\/i> <span style=\"color: #ffffff\">Une diversification de ses activit\u00e9s.<\/span><\/p>\n<p style=\"text-align: center;padding-top: 20px;padding-bottom: 20px\"><a class=\"buttexpert\" href=\"https:\/\/adven-transition.com\/contact\/\" target=\"_self\" rel=\"noopener noreferrer\"><span class=\"qode-btn-text\">Contactez-nous!<\/span><\/a><\/p>\n<p><\/div><div class=\"su-expand-link su-expand-link-more\" style=\"text-align:center\"><a href=\"javascript:;\" style=\"color:#000;border-color:#000\"><span style=\"border-color:#000\">Afficher plus<\/span><\/a><\/div><div class=\"su-expand-link su-expand-link-less\" style=\"text-align:center\"><a href=\"javascript:;\" style=\"color:#000;border-color:#000\"><span style=\"border-color:#000\">Afficher moins<\/span><\/a><\/div><\/div>\n\n\t\t<\/div>\n\t<\/div><\/div><\/div><\/div><div class=\"colh wpb_column vc_column_container vc_col-sm-6 vc_col-has-fill\"><div class=\"vc_column-inner vc_custom_1602171615215\"><div class=\"wpb_wrapper\"><span data-type=\"circle\" data-hover-bg-color=\"#750736\" data-hover-icon-color=\"#ffffff\" class=\"qode_icon_shortcode fa-stack q_font_awsome_icon_stack fa-3x pull-center q_icon_animation\" style=\"margin: -50px auto auto auto !important; \"><i class=\"fa fa-circle fa-stack-base fa-stack-2x\" style=\"color: #750736;\"><\/i><i class=\"qode_icon_font_awesome_5 fa5 fa fa-tasks qode_icon_element fa-stack-1x\" style=\"color: #ffffff;\" ><\/i><\/span>\n\t<div class=\"wpb_text_column wpb_content_element  vc_custom_1601401540498\">\n\t\t<div class=\"wpb_wrapper\">\n\t\t\t<h3 style=\"text-align: center;\"><strong>Lancement d\u2019un projet strat\u00e9gique<\/strong><\/h3>\n\n\t\t<\/div>\n\t<\/div><div class=\"separator  small center  \" style=\"background-color: #750736;height: 2px;width: 80px;\"><\/div>\n\t<div class=\"wpb_text_column wpb_content_element  vc_custom_1604333443045\">\n\t\t<div class=\"wpb_wrapper\">\n\t\t\t<div class=\"su-expand su-expand-collapsed su-expand-link-style-default\" data-height=\"0\"><div class=\"su-expand-content su-u-trim\" style=\"color:#333333;max-height:0px;overflow:hidden\"><\/p>\n<p>Nos Managers de Transition vous accompagnent depuis la phase de <strong>d\u00e9finition des enjeux<\/strong> jusqu\u2019\u00e0 l\u2019<strong>atteinte des objectifs<\/strong>, en passant par la mise en \u0153uvre et l\u2019<strong>ex\u00e9cution du Plan d\u2019actions<\/strong> de vos projets\u00a0:<\/p>\n<p>&nbsp;<\/p>\n<p><i class=\"fa fa-arrow-right\" style=\"color: #750736\" aria-hidden=\"true\"><\/i> Lancement d\u2019un nouveau produit ou d\u2019un nouveau service,<br \/>\n<i class=\"fa fa-arrow-right\" style=\"color: #750736\" aria-hidden=\"true\"><\/i> Ouverture d\u2019une filiale, d\u00e9veloppement \u00e0 l\u2019international,<br \/>\n<i class=\"fa fa-arrow-right\" style=\"color: #750736\" aria-hidden=\"true\"><\/i> Conduite d\u2019une IPO.<\/p>\n<p style=\"text-align: center;padding-top: 20px;padding-bottom: 20px\"><a class=\"buttexpert\" href=\"https:\/\/adven-transition.com\/contact\/\" target=\"_self\" rel=\"noopener noreferrer\"><span class=\"qode-btn-text\">Contactez-nous!<\/span><\/a><\/p>\n<p><\/div><div class=\"su-expand-link su-expand-link-more\" style=\"text-align:center\"><a href=\"javascript:;\" style=\"color:#000;border-color:#000\"><span style=\"border-color:#000\">Afficher plus<\/span><\/a><\/div><div class=\"su-expand-link su-expand-link-less\" style=\"text-align:center\"><a href=\"javascript:;\" style=\"color:#000;border-color:#000\"><span style=\"border-color:#000\">Afficher moins<\/span><\/a><\/div><\/div>\n\n\t\t<\/div>\n\t<\/div><\/div><\/div><\/div><\/div><\/div><\/div><div      class=\"vc_row wpb_row section vc_row-fluid vc_inner  vc_custom_1601372320016 grid_section\" style=' text-align:left;'><div class=\" section_inner clearfix\"><div class='section_inner_margin clearfix'><div class=\"wpb_column vc_column_container vc_col-sm-6 vc_col-has-fill\"><div class=\"vc_column-inner vc_custom_1602752999252\"><div class=\"wpb_wrapper\"><span data-type=\"circle\" data-hover-bg-color=\"#750736\" data-hover-icon-color=\"#ffffff\" class=\"qode_icon_shortcode fa-stack q_font_awsome_icon_stack fa-3x pull-center q_icon_animation\" style=\"margin: -50px auto auto auto !important; \"><i class=\"fa fa-circle fa-stack-base fa-stack-2x\" style=\"color: #750736;\"><\/i><i class=\"qode_icon_font_awesome_5 fa5 fa fa-tachometer-alt qode_icon_element fa-stack-1x\" style=\"color: #ffffff;\" ><\/i><\/span>\n\t<div class=\"wpb_text_column wpb_content_element  vc_custom_1601484675504\">\n\t\t<div class=\"wpb_wrapper\">\n\t\t\t<h3 style=\"text-align: center;\"><strong>Am\u00e9lioration <\/strong><\/h3>\n<h3 style=\"text-align: center;\"><strong>de la performance<\/strong><\/h3>\n\n\t\t<\/div>\n\t<\/div><div class=\"separator  small center  \" style=\"background-color: #750736;height: 2px;width: 80px;\"><\/div>\n\t<div class=\"wpb_text_column wpb_content_element  vc_custom_1604333410837\">\n\t\t<div class=\"wpb_wrapper\">\n\t\t\t<div class=\"su-expand su-expand-collapsed su-expand-link-style-default\" data-height=\"0\"><div class=\"su-expand-content su-u-trim\" style=\"color:#333333;max-height:0px;overflow:hidden\"><\/p>\n<p>Nos Managers de Transition allient <strong>comp\u00e9tences<\/strong> et <strong>exp\u00e9rience<\/strong> afin de <strong>comprendre vos probl\u00e9matiques<\/strong> et vous apporter la solution la plus adapt\u00e9e en termes :<\/p>\n<p>&nbsp;<\/p>\n<p><i class=\"fa fa-arrow-right\" style=\"color: #750736\" aria-hidden=\"true\"><\/i> D\u2019am\u00e9lioration des performances (logistiques, commerciales, financi\u00e8res, informatiques\u2026),<br \/>\n<i class=\"fa fa-arrow-right\" style=\"color: #750736\" aria-hidden=\"true\"><\/i> De refonte et reengineering des processus,<br \/>\n<i class=\"fa fa-arrow-right\" style=\"color: #750736\" aria-hidden=\"true\"><\/i> De Due-Diligence op\u00e9rationnelle,<br \/>\n<i class=\"fa fa-arrow-right\" style=\"color: #750736\" aria-hidden=\"true\"><\/i> D\u2019accompagnement op\u00e9rationnel de dirigeants.<\/p>\n<p style=\"text-align: center;padding-top: 20px;padding-bottom: 20px\"><a class=\"buttexpert\" href=\"https:\/\/adven-transition.com\/contact\/\" target=\"_self\" rel=\"noopener noreferrer\"><span class=\"qode-btn-text\">Contactez-nous!<\/span><\/a><\/p>\n<p><\/div><div class=\"su-expand-link su-expand-link-more\" style=\"text-align:center\"><a href=\"javascript:;\" style=\"color:#000;border-color:#000\"><span style=\"border-color:#000\">Afficher plus<\/span><\/a><\/div><div class=\"su-expand-link su-expand-link-less\" style=\"text-align:center\"><a href=\"javascript:;\" style=\"color:#000;border-color:#000\"><span style=\"border-color:#000\">Afficher moins<\/span><\/a><\/div><\/div>\n\n\t\t<\/div>\n\t<\/div><\/div><\/div><\/div><div class=\"wpb_column vc_column_container vc_col-sm-6 vc_col-has-fill\"><div class=\"vc_column-inner vc_custom_1603381703611\"><div class=\"wpb_wrapper\"><span data-type=\"circle\" data-hover-bg-color=\"#750736\" data-hover-icon-color=\"#ffffff\" class=\"qode_icon_shortcode fa-stack q_font_awsome_icon_stack fa-3x pull-center q_icon_animation\" style=\"margin: -50px auto auto auto !important; \"><i class=\"fa fa-circle fa-stack-base fa-stack-2x\" style=\"color: #750736;\"><\/i><i class=\"qode_icon_font_awesome_5 fa5 fa fa-exclamation-triangle qode_icon_element fa-stack-1x\" style=\"color: #ffffff;\" ><\/i><\/span>\n\t<div class=\"wpb_text_column wpb_content_element  vc_custom_1601484700310\">\n\t\t<div class=\"wpb_wrapper\">\n\t\t\t<h3 style=\"text-align: center;\"><strong>Gestion<\/strong><\/h3>\n<h3 style=\"text-align: center;\"><strong>de crise<\/strong><\/h3>\n\n\t\t<\/div>\n\t<\/div><div class=\"separator  small center  \" style=\"background-color: #750736;height: 2px;width: 80px;\"><\/div>\n\t<div class=\"wpb_text_column wpb_content_element  vc_custom_1604333364513\">\n\t\t<div class=\"wpb_wrapper\">\n\t\t\t<div class=\"su-expand su-expand-collapsed su-expand-link-style-default\" data-height=\"0\"><div class=\"su-expand-content su-u-trim\" style=\"color:#333333;max-height:0px;overflow:hidden\"><\/p>\n<p>Le Management de Transition est une solution <strong>rapide<\/strong>, <strong>efficace<\/strong> et <strong>adapt\u00e9e<\/strong> lorsqu\u2019une entreprise se trouve confront\u00e9e \u00e0 une <strong>situation de crise<\/strong> ou d\u2019urgence\u00a0:<\/p>\n<p>&nbsp;<\/p>\n<p><i class=\"fa fa-arrow-right\" style=\"color: #750736\" aria-hidden=\"true\"><\/i> Optimisation de la tr\u00e9sorerie et du BFR,<br \/>\n<i class=\"fa fa-arrow-right\" style=\"color: #750736\" aria-hidden=\"true\"><\/i> Restructuration de la dette,<br \/>\n<i class=\"fa fa-arrow-right\" style=\"color: #750736\" aria-hidden=\"true\"><\/i> Cession d\u2019actifs non strat\u00e9giques \/ D\u00e9tourage,<br \/>\n<i class=\"fa fa-arrow-right\" style=\"color: #750736\" aria-hidden=\"true\"><\/i> Redressement \/ Retournement \/ Restructuration,<br \/>\n<i class=\"fa fa-arrow-right\" style=\"color: #750736\" aria-hidden=\"true\"><\/i> Fermeture de site,<br \/>\n<i class=\"fa fa-arrow-right\" style=\"color: #750736\" aria-hidden=\"true\"><\/i> Mise en place d\u2019un plan de sauvegarde de l\u2019emploi,<br \/>\n<i class=\"fa fa-arrow-right\" style=\"color: #750736\" aria-hidden=\"true\"><\/i> Accompagnement dans le cadre d\u2019une proc\u00e9dure de sauvegarde, de redressement ou de liquidation judiciaire,<br \/>\n<i class=\"fa fa-arrow-right\" style=\"color: #750736\" aria-hidden=\"true\"><\/i> Mise en place d\u2019une strat\u00e9gie de communication interne et externe.<\/p>\n<p style=\"text-align: center;padding-top: 20px;padding-bottom: 20px\"><a class=\"buttexpert\" href=\"https:\/\/adven-transition.com\/contact\/\" target=\"_self\" rel=\"noopener noreferrer\"><span class=\"qode-btn-text\">Contactez-nous!<\/span><\/a><\/p>\n<p><\/div><div class=\"su-expand-link su-expand-link-more\" style=\"text-align:center\"><a href=\"javascript:;\" style=\"color:#000;border-color:#000\"><span style=\"border-color:#000\">Afficher plus<\/span><\/a><\/div><div class=\"su-expand-link su-expand-link-less\" style=\"text-align:center\"><a href=\"javascript:;\" style=\"color:#000;border-color:#000\"><span style=\"border-color:#000\">Afficher moins<\/span><\/a><\/div><\/div>\n\n\t\t<\/div>\n\t<\/div><\/div><\/div><\/div><\/div><\/div><\/div><div      class=\"vc_row wpb_row section vc_row-fluid vc_inner  vc_custom_1601372320016 grid_section\" style=' text-align:left;'><div class=\" section_inner clearfix\"><div class='section_inner_margin clearfix'><div class=\"wpb_column vc_column_container vc_col-sm-6 vc_col-has-fill\"><div class=\"vc_column-inner vc_custom_1602171593332\"><div class=\"wpb_wrapper\"><span data-type=\"circle\" data-hover-bg-color=\"#750736\" data-hover-icon-color=\"#ffffff\" class=\"qode_icon_shortcode fa-stack q_font_awsome_icon_stack fa-3x pull-center q_icon_animation\" style=\"margin: -50px auto auto auto !important; \"><i class=\"fa fa-circle fa-stack-base fa-stack-2x\" style=\"color: #750736;\"><\/i><i class=\"qode_icon_font_awesome_5 fa5 fa fa-sitemap qode_icon_element fa-stack-1x\" style=\"color: #ffffff;\" ><\/i><\/span>\n\t<div class=\"wpb_text_column wpb_content_element  vc_custom_1601484709010\">\n\t\t<div class=\"wpb_wrapper\">\n\t\t\t<h3 style=\"text-align: center;\"><strong>Gouvernance<\/strong><\/h3>\n<h3 style=\"text-align: center;\"><strong>d\u2019entreprise<\/strong><\/h3>\n\n\t\t<\/div>\n\t<\/div><div class=\"separator  small center  \" style=\"background-color: #750736;height: 2px;width: 80px;\"><\/div>\n\t<div class=\"wpb_text_column wpb_content_element  vc_custom_1603381615034\">\n\t\t<div class=\"wpb_wrapper\">\n\t\t\t<div class=\"su-expand su-expand-collapsed su-expand-link-style-default\" data-height=\"0\"><div class=\"su-expand-content su-u-trim\" style=\"color:#333333;max-height:0px;overflow:hidden\"><\/p>\n<p><span style=\"color: #ffffff\">Afin d\u2019harmoniser les r\u00e8gles et les principes de <strong>gouvernance d\u2019une entreprise<\/strong> vis-\u00e0-vis de ses <strong>enjeux de transformation<\/strong> ou des <strong>nouvelles r\u00e8glementations<\/strong> en vigueur, nous vous accompagnons dans les situations suivantes\u00a0:<\/span><\/p>\n<p>&nbsp;<\/p>\n<p><i class=\"fa fa-arrow-right\" style=\"color: #750736\" aria-hidden=\"true\"><\/i> <span style=\"color: #ffffff\">Staffing et mise en place d\u2019administrateurs ind\u00e9pendants,<\/span><br \/>\n<i class=\"fa fa-arrow-right\" style=\"color: #750736\" aria-hidden=\"true\"><\/i> <span style=\"color: #ffffff\">Remplacement d\u2019un mandataire social,<\/span><br \/>\n<i class=\"fa fa-arrow-right\" style=\"color: #750736\" aria-hidden=\"true\"><\/i> <span style=\"color: #ffffff\">Prise de mandats sociaux non ex\u00e9cutifs.<\/span><\/p>\n<p style=\"text-align: center;padding-top: 20px;padding-bottom: 20px\"><a class=\"buttexpert\" href=\"https:\/\/adven-transition.com\/contact\/\" target=\"_self\" rel=\"noopener noreferrer\"><span class=\"qode-btn-text\">Contactez-nous!<\/span><\/a><\/p>\n<p><\/div><div class=\"su-expand-link su-expand-link-more\" style=\"text-align:center\"><a href=\"javascript:;\" style=\"color:#000;border-color:#000\"><span style=\"border-color:#000\">Afficher plus<\/span><\/a><\/div><div class=\"su-expand-link su-expand-link-less\" style=\"text-align:center\"><a href=\"javascript:;\" style=\"color:#000;border-color:#000\"><span style=\"border-color:#000\">Afficher moins<\/span><\/a><\/div><\/div>\n\n\t\t<\/div>\n\t<\/div><\/div><\/div><\/div><div class=\"wpb_column vc_column_container vc_col-sm-6 vc_col-has-fill\"><div class=\"vc_column-inner vc_custom_1602171629939\"><div class=\"wpb_wrapper\"><span data-type=\"circle\" data-hover-bg-color=\"#750736\" data-hover-icon-color=\"#ffffff\" class=\"qode_icon_shortcode fa-stack q_font_awsome_icon_stack fa-3x pull-center q_icon_animation\" style=\"margin: -50px auto auto auto !important; \"><i class=\"fa fa-circle fa-stack-base fa-stack-2x\" style=\"color: #750736;\"><\/i><i class=\"qode_icon_font_awesome_5 fa5 fa fa-user-cog qode_icon_element fa-stack-1x\" style=\"color: #ffffff;\" ><\/i><\/span>\n\t<div class=\"wpb_text_column wpb_content_element  vc_custom_1601401628683\">\n\t\t<div class=\"wpb_wrapper\">\n\t\t\t<h3 style=\"text-align: center;\"><strong>Direction fonctionnelle \u00e0 temps partag\u00e9<\/strong><\/h3>\n\n\t\t<\/div>\n\t<\/div><div class=\"separator  small center  \" style=\"background-color: #750736;height: 2px;width: 80px;\"><\/div>\n\t<div class=\"wpb_text_column wpb_content_element  vc_custom_1601988626533\">\n\t\t<div class=\"wpb_wrapper\">\n\t\t\t<div class=\"su-expand su-expand-collapsed su-expand-link-style-default\" data-height=\"0\"><div class=\"su-expand-content su-u-trim\" style=\"color:#333333;max-height:0px;overflow:hidden\"><\/p>\n<p>Nous mettons \u00e0 la disposition de nos clients, \u00e0 raison de quelques jours par semaine ou par mois, l\u2019<strong>expertise fonctionnelle et op\u00e9rationnelle<\/strong> de nos Managers de Transition afin d\u2019assurer la Direction administrative et financi\u00e8re, la Direction juridique et fiscale et\/ou la Direction des ressources humaines, dans le cas\u00a0:<\/p>\n<p>&nbsp;<\/p>\n<p><i class=\"fa fa-arrow-right\" style=\"color: #750736\" aria-hidden=\"true\"><\/i> D\u2019une entreprise en croissance n\u00e9cessitant l\u2019expertise technique et fonctionnelle indispensable \u00e0 son d\u00e9veloppement,<br \/>\n<i class=\"fa fa-arrow-right\" style=\"color: #750736\" aria-hidden=\"true\"><\/i> D\u2019une entreprise faisant face \u00e0 une situation de crise qui n\u00e9cessite un r\u00e9ajustement des effectifs, et souhaitant conserver les comp\u00e9tences cl\u00e9s n\u00e9cessaires \u00e0 sa survie.<\/p>\n<p style=\"text-align: center;padding-top: 20px;padding-bottom: 20px\"><a class=\"buttexpert\" href=\"https:\/\/adven-transition.com\/contact\/\" target=\"_self\" rel=\"noopener noreferrer\"><span class=\"qode-btn-text\">Contactez-nous!<\/span><\/a><\/p>\n<p><\/div><div class=\"su-expand-link su-expand-link-more\" style=\"text-align:center\"><a href=\"javascript:;\" style=\"color:#000;border-color:#000\"><span style=\"border-color:#000\">Afficher plus<\/span><\/a><\/div><div class=\"su-expand-link su-expand-link-less\" style=\"text-align:center\"><a href=\"javascript:;\" style=\"color:#000;border-color:#000\"><span style=\"border-color:#000\">Afficher moins<\/span><\/a><\/div><\/div>\n\n\t\t<\/div>\n\t<\/div><\/div><\/div><\/div><\/div><\/div><\/div><div      class=\"vc_row wpb_row section vc_row-fluid vc_inner  vc_custom_1601372325087 grid_section disable_negative_margin\" style=' text-align:left;'><div class=\" section_inner clearfix\"><div class='section_inner_margin clearfix'><div class=\"wpb_column vc_column_container vc_col-sm-12 vc_col-has-fill\"><div class=\"vc_column-inner vc_custom_1603381712320\"><div class=\"wpb_wrapper\"><span data-type=\"circle\" data-hover-bg-color=\"#750736\" data-hover-icon-color=\"#ffffff\" class=\"qode_icon_shortcode fa-stack q_font_awsome_icon_stack fa-3x pull-center q_icon_animation\" style=\"margin: -50px auto auto auto !important; \"><i class=\"fa fa-circle fa-stack-base fa-stack-2x\" style=\"color: #750736;\"><\/i><i class=\"qode_icon_font_awesome_5 fa5 fab fa-keycdn qode_icon_element fa-stack-1x\" style=\"color: #ffffff;\" ><\/i><\/span>\n\t<div class=\"wpb_text_column wpb_content_element  vc_custom_1601401644631\">\n\t\t<div class=\"wpb_wrapper\">\n\t\t\t<h3 style=\"text-align: center;\"><strong>Remplacement temporaire d\u2019un dirigeant ou d\u2019un cadre cl\u00e9 dans une organisation<\/strong><\/h3>\n\n\t\t<\/div>\n\t<\/div><div class=\"separator  small center  \" style=\"background-color: #750736;height: 2px;width: 80px;\"><\/div>\n\t<div class=\"wpb_text_column wpb_content_element  vc_custom_1601988635091\">\n\t\t<div class=\"wpb_wrapper\">\n\t\t\t<div class=\"su-expand su-expand-collapsed su-expand-link-style-default\" data-height=\"0\"><div class=\"su-expand-content su-u-trim\" style=\"color:#333333;max-height:0px;overflow:hidden\"><\/p>\n<p><strong>Imm\u00e9diatement op\u00e9rationnels et disponibles<\/strong>, nos Managers de Transition assurent la <strong>continuit\u00e9 des services<\/strong> d\u2019une entreprise suite\u00a0aux \u00e9v\u00e9nements suivants :<\/p>\n<p>&nbsp;<\/p>\n<p><i class=\"fa fa-arrow-right\" style=\"color: #750736\" aria-hidden=\"true\"><\/i> D\u00e9part pr\u00e9cipit\u00e9 d\u2019un cadre dirigeant ou d\u2019un fondateur,<br \/>\n<i class=\"fa fa-arrow-right\" style=\"color: #750736\" aria-hidden=\"true\"><\/i> Absence temporaire (maladie, accident, \u2026) ou d\u00e9c\u00e8s d\u2019un cadre cl\u00e9,<br \/>\n<i class=\"fa fa-arrow-right\" style=\"color: #750736\" aria-hidden=\"true\"><\/i> Besoin ponctuel d\u2019expertise,<br \/>\n<i class=\"fa fa-arrow-right\" style=\"color: #750736\" aria-hidden=\"true\"><\/i> Cr\u00e9ation de poste pour une p\u00e9riode de temps d\u00e9finie,<br \/>\n<i class=\"fa fa-arrow-right\" style=\"color: #750736\" aria-hidden=\"true\"><\/i> Management Relais dans le cadre de la finalisation d\u2019un recrutement permanent,<br \/>\n<i class=\"fa fa-arrow-right\" style=\"color: #750736\" aria-hidden=\"true\"><\/i> Transmission d\u2019entreprise.<\/p>\n<p style=\"text-align: center;padding-top: 20px;padding-bottom: 20px\"><a class=\"buttexpert\" href=\"https:\/\/adven-transition.com\/contact\/\" target=\"_self\" rel=\"noopener noreferrer\"><span class=\"qode-btn-text\">Contactez-nous!<\/span><\/a><\/p>\n<p><\/div><div class=\"su-expand-link su-expand-link-more\" style=\"text-align:center\"><a href=\"javascript:;\" style=\"color:#000;border-color:#000\"><span style=\"border-color:#000\">Afficher plus<\/span><\/a><\/div><div class=\"su-expand-link su-expand-link-less\" style=\"text-align:center\"><a href=\"javascript:;\" style=\"color:#000;border-color:#000\"><span style=\"border-color:#000\">Afficher moins<\/span><\/a><\/div><\/div>\n\n\t\t<\/div>\n\t<\/div><\/div><\/div><\/div><\/div><\/div><\/div><\/div><\/div><\/div><\/div><\/div><div      class=\"vc_row wpb_row section vc_row-fluid \" style=' text-align:left;'><div class=\" full_section_inner clearfix\"><div class=\"wpb_column vc_column_container vc_col-sm-12\"><div class=\"vc_column-inner\"><div class=\"wpb_wrapper\"><div class=\"qode-advanced-call-to-action qode-advanced-cta-gradient qode-advanced-cta-gradient-animation\" style=\"height:110pxpx\">\n\t<a class=\"advanced-cta-link anchor\" href=\"https:\/\/adven-transition.com\/contact\/\" target=\"_self\"><\/a>\n\t<div class=\"qode-advanced-cta-content\">\t\t\n\t    <span class=\"qode-advanced-cta-text-holder\" style=\"color:#ffffff;font-size:30px;font-weight:600\">\n\t\t    Contactez-nous\t    <\/span>\n\t    <span class=\"qode-advanced-cta-icon-holder\" style=\"color:#ffffff;font-size:35px;font-weight:700;height:45px;width:45px\">\n\t\t    <span class=\"qode-advanced-cta-icon-holder-table\">\n\t\t    \t<span class=\"qode-advanced-cta-icon-holder-cell\" >\n\t\t\t    \t<i class=\"qode_icon_font_awesome fa fa-arrow-right qode-advanced-cta-icon\" ><\/i>\t\t\t    <\/span>\n\t\t    <\/span>\n\t\t    \t    <\/span>\n\t<\/div>\n\t\t\t<div class=\"qode-advanced-cta-background-holder\">\n\t\t\t<span class=\"qode-advanced-cta-background-1 qode-type1-gradient-left-to-right\"><\/span>\n\t\t\t<span class=\"qode-advanced-cta-background-2 qode-type1-gradient-left-to-right\"><\/span>\n\t\t\t<span class=\"qode-advanced-cta-background-3\"><\/span>\n\t\t<\/div>\n\t<\/div><\/div><\/div><\/div><\/div><\/div><div      class=\"vc_row wpb_row section vc_row-fluid  vc_custom_1598357302546 grid_section\" style=' text-align:left;'><div class=\" section_inner clearfix\"><div class='section_inner_margin clearfix'><div class=\"wpb_column vc_column_container vc_col-sm-12\"><div class=\"vc_column-inner\"><div class=\"wpb_wrapper\">\n\t<div class=\"wpb_text_column wpb_content_element  vc_custom_1597132597065\">\n\t\t<div class=\"wpb_wrapper\">\n\t\t\t<h2 style=\"text-align: center;\">Comment se d\u00e9roule une mission chez Adven Transition ?<\/h2>\n\n\t\t<\/div>\n\t<\/div>\n\t<div class=\"wpb_text_column wpb_content_element \">\n\t\t<div class=\"wpb_wrapper\">\n\t\t\t<p>Afin de r\u00e9pondre au mieux aux probl\u00e9matiques de nos clients et garantir le succ\u00e8s des missions qui nous sont confi\u00e9es, nous avons d\u00e9velopp\u00e9 une d\u00e9marche structur\u00e9e et \u00e9volutive en fonction de la complexit\u00e9 des situations \u00e0 traiter.<\/p>\n\n\t\t<\/div>\n\t<\/div><\/div><\/div><\/div><\/div><\/div><\/div><div      class=\"vc_row wpb_row section vc_row-fluid  grid_section\" style=' text-align:left;'><div class=\" section_inner clearfix\"><div class='section_inner_margin clearfix'><div class=\"wpb_column vc_column_container vc_col-sm-12 vc_hidden-sm vc_hidden-xs\"><div class=\"vc_column-inner\"><div class=\"wpb_wrapper\"><div id=\"ts-vcsc-horizontal-steps-container-5149509\" class=\"ts-horizontal-steps    ts-horizontal-steps-ltr\" style=\"margin-top: 0px; margin-bottom: 0px;\"  data-layoutrtl=\"false\" data-lastwidth=\"0\" data-frontend=\"false\" data-minwidth=\"150\" data-maxwidth=\"500\" data-stepinner=\"80\" data-iconsize=\"75\" data-iconlimit=\"true\" data-iconmax=\"400\"><ul class=\"ts-horizontal-steps-list\"><li id=\"ts-vcsc-horizontal-steps-single-4432765\" class=\"ts-horizontal-steps-item   ts-box-icon  \"  data-frontend=\"false\" style=\"\"><span class=\"ts-horizontal-step-icon ts-radius-medium\"><i class=\" ts-horizontal-step-hidden\"><\/i><\/span><div class=\"ts-horizontal-step-content\"><h5 class=\"ts-horizontal-step-title\" style=\"color: 4e4e4e;\">Compr\u00e9hension des enjeux et d\u00e9finition des objectifs<\/h5><div class=\"clearboth\"><\/div><\/div><\/li><li id=\"ts-vcsc-horizontal-steps-single-4598779\" class=\"ts-horizontal-steps-item   ts-box-icon  \"  data-frontend=\"false\" style=\"\"><span class=\"ts-horizontal-step-icon ts-radius-medium\"><i class=\" ts-horizontal-step-hidden\"><\/i><\/span><div class=\"ts-horizontal-step-content\"><h5 class=\"ts-horizontal-step-title\" style=\"color: 4e4e4e;\">Choix du Manager de Transition<\/h5><div class=\"clearboth\"><\/div><\/div><\/li><li id=\"ts-vcsc-horizontal-steps-single-7751957\" class=\"ts-horizontal-steps-item   ts-box-icon  \"  data-frontend=\"false\" style=\"\"><span class=\"ts-horizontal-step-icon ts-radius-medium\"><i class=\" ts-horizontal-step-hidden\"><\/i><\/span><div class=\"ts-horizontal-step-content\"><h5 class=\"ts-horizontal-step-title\" style=\"color: 4e4e4e;\">\u00c9valuation des enjeux et d\u00e9finition du plan d\u2019actions<\/h5><div class=\"clearboth\"><\/div><\/div><\/li><li id=\"ts-vcsc-horizontal-steps-single-6552455\" class=\"ts-horizontal-steps-item   ts-box-icon  \"  data-frontend=\"false\" style=\"\"><span class=\"ts-horizontal-step-icon ts-radius-medium\"><i class=\" ts-horizontal-step-hidden\"><\/i><\/span><div class=\"ts-horizontal-step-content\"><h5 class=\"ts-horizontal-step-title\" style=\"color: 4e4e4e;\">Mise en \u0153uvre et ex\u00e9cution du plan d\u2019actions<\/h5><div class=\"clearboth\"><\/div><\/div><\/li><li id=\"ts-vcsc-horizontal-steps-single-7824135\" class=\"ts-horizontal-steps-item   ts-box-icon  \"  data-frontend=\"false\" style=\"\"><span class=\"ts-horizontal-step-icon ts-radius-medium\"><i class=\" ts-horizontal-step-hidden\"><\/i><\/span><div class=\"ts-horizontal-step-content\"><h5 class=\"ts-horizontal-step-title\" style=\"color: 4e4e4e;\">Pilotage de la mission<\/h5><div class=\"clearboth\"><\/div><\/div><\/li><li id=\"ts-vcsc-horizontal-steps-single-4554317\" class=\"ts-horizontal-steps-item   ts-box-icon  \"  data-frontend=\"false\" style=\"\"><span class=\"ts-horizontal-step-icon ts-radius-medium\"><i class=\" ts-horizontal-step-hidden\"><\/i><\/span><div class=\"ts-horizontal-step-content\"><h5 class=\"ts-horizontal-step-title\" style=\"color: 4e4e4e;\">Conclusion et transfert de comp\u00e9tences<\/h5><div class=\"clearboth\"><\/div><\/div><\/li><div class=\"clearboth\"><\/div><\/ul><\/div><\/div><\/div><\/div><\/div><\/div><\/div><div      class=\"vc_row wpb_row section vc_row-fluid  grid_section\" style=' text-align:left;'><div class=\" section_inner clearfix\"><div class='section_inner_margin clearfix'><div class=\"wpb_column vc_column_container vc_col-sm-12 vc_hidden-lg vc_hidden-md\"><div class=\"vc_column-inner\"><div class=\"wpb_wrapper\"><div      class=\"vc_row wpb_row section vc_row-fluid vc_inner  vc_custom_1602828556643\" style=' text-align:left;'><div class=\" full_section_inner clearfix\"><div class=\"wpb_column vc_column_container vc_col-sm-4\"><div class=\"vc_column-inner\"><div class=\"wpb_wrapper\"><\/div><\/div><\/div><div class=\"wpb_column vc_column_container vc_col-sm-4\"><div class=\"vc_column-inner\"><div class=\"wpb_wrapper\">\n\t<div class=\"wpb_text_column wpb_content_element \">\n\t\t<div class=\"wpb_wrapper\">\n\t\t\t<p style=\"text-align: center;\"><span style=\"color: #560628;\"><strong>PHASE AMONT<\/strong><\/span><\/p>\n\n\t\t<\/div>\n\t<\/div><\/div><\/div><\/div><div class=\"wpb_column vc_column_container vc_col-sm-4\"><div class=\"vc_column-inner\"><div class=\"wpb_wrapper\"><\/div><\/div><\/div><\/div><\/div><div      class=\"vc_row wpb_row section vc_row-fluid vc_inner  vc_custom_1602179142729\" style=' text-align:left;'><div class=\" full_section_inner clearfix\"><div class=\"wpb_column vc_column_container vc_col-sm-4\"><div class=\"vc_column-inner vc_custom_1602828567923\"><div class=\"wpb_wrapper\">\n\t<div class=\"wpb_single_image wpb_content_element vc_align_center  vc_custom_1603274699542  deroule\">\n\t\t<div class=\"wpb_wrapper\">\n\t\t\t\n\t\t\t<div class=\"vc_single_image-wrapper   vc_box_border_grey\"><img decoding=\"async\" class=\"vc_single_image-img \" src=\"https:\/\/adven-transition.com\/wp-content\/uploads\/2020\/10\/pexels-khwanchai-phanthong-4174745-1-300x300.jpg\" width=\"300\" height=\"300\" alt=\"pexels-khwanchai-phanthong-4174745\" title=\"pexels-khwanchai-phanthong-4174745\" \/><\/div>\n\t\t<\/div>\n\t<\/div>\n\n\t<div class=\"wpb_text_column wpb_content_element \">\n\t\t<div class=\"wpb_wrapper\">\n\t\t\t<p style=\"text-align: center;\"><strong>Compr\u00e9hension des enjeux et d\u00e9finition des objectifs<\/strong><\/p>\n\n\t\t<\/div>\n\t<\/div><\/div><\/div><\/div><div class=\"wpb_column vc_column_container vc_col-sm-4\"><div class=\"vc_column-inner vc_custom_1602828574338\"><div class=\"wpb_wrapper\">\n\t<div class=\"wpb_single_image wpb_content_element vc_align_center  vc_custom_1603735699549  deroule\">\n\t\t<div class=\"wpb_wrapper\">\n\t\t\t\n\t\t\t<div class=\"vc_single_image-wrapper   vc_box_border_grey\"><img decoding=\"async\" class=\"vc_single_image-img \" src=\"https:\/\/adven-transition.com\/wp-content\/uploads\/2020\/10\/AdobeStock_335731060-600x400-1-300x300.jpg\" width=\"300\" height=\"300\" alt=\"successful negotiate and handshake concept, two businessman shake hand with partner to celebration partnership and teamwork, business deal\" title=\"AdobeStock_335731060 600x400\" \/><\/div>\n\t\t<\/div>\n\t<\/div>\n\n\t<div class=\"wpb_text_column wpb_content_element \">\n\t\t<div class=\"wpb_wrapper\">\n\t\t\t<p style=\"text-align: center;\"><strong>Choix du Manager de Transition<\/strong><\/p>\n\n\t\t<\/div>\n\t<\/div><\/div><\/div><\/div><div class=\"wpb_column vc_column_container vc_col-sm-4\"><div class=\"vc_column-inner vc_custom_1602828581619\"><div class=\"wpb_wrapper\">\n\t<div class=\"wpb_single_image wpb_content_element vc_align_center  vc_custom_1603553908915  deroule\">\n\t\t<div class=\"wpb_wrapper\">\n\t\t\t\n\t\t\t<div class=\"vc_single_image-wrapper   vc_box_border_grey\"><img decoding=\"async\" class=\"vc_single_image-img \" src=\"https:\/\/adven-transition.com\/wp-content\/uploads\/2020\/10\/evaluation-enjeux-manager-300x300.jpeg\" width=\"300\" height=\"300\" alt=\"Business People Planning Strategy Analysis Office Concept\" title=\"Business people planning strategy\" \/><\/div>\n\t\t<\/div>\n\t<\/div>\n\n\t<div class=\"wpb_text_column wpb_content_element \">\n\t\t<div class=\"wpb_wrapper\">\n\t\t\t<p style=\"text-align: center;\"><strong>\u00c9valuation des enjeux et d\u00e9finition du plan d\u2019actions<\/strong><\/p>\n\n\t\t<\/div>\n\t<\/div><\/div><\/div><\/div><\/div><\/div><div      class=\"vc_row wpb_row section vc_row-fluid vc_inner  vc_custom_1602828593765\" style=' text-align:left;'><div class=\" full_section_inner clearfix\"><div class=\"wpb_column vc_column_container vc_col-sm-4\"><div class=\"vc_column-inner\"><div class=\"wpb_wrapper\"><\/div><\/div><\/div><div class=\"wpb_column vc_column_container vc_col-sm-4\"><div class=\"vc_column-inner\"><div class=\"wpb_wrapper\">\n\t<div class=\"wpb_text_column wpb_content_element \">\n\t\t<div class=\"wpb_wrapper\">\n\t\t\t<p style=\"text-align: center;\"><span style=\"color: #c72c48;\"><strong>PHASE D&#8217;EX\u00c9CUTION<\/strong><\/span><\/p>\n\n\t\t<\/div>\n\t<\/div><\/div><\/div><\/div><div class=\"wpb_column vc_column_container vc_col-sm-4\"><div class=\"vc_column-inner\"><div class=\"wpb_wrapper\"><\/div><\/div><\/div><\/div><\/div><div      class=\"vc_row wpb_row section vc_row-fluid vc_inner  vc_custom_1602179149040\" style=' text-align:left;'><div class=\" full_section_inner clearfix\"><div class=\"wpb_column vc_column_container vc_col-sm-2\"><div class=\"vc_column-inner\"><div class=\"wpb_wrapper\"><\/div><\/div><\/div><div class=\"wpb_column vc_column_container vc_col-sm-4\"><div class=\"vc_column-inner vc_custom_1602828608570\"><div class=\"wpb_wrapper\">\n\t<div class=\"wpb_single_image wpb_content_element vc_align_center  vc_custom_1603274737741  deroule\">\n\t\t<div class=\"wpb_wrapper\">\n\t\t\t\n\t\t\t<div class=\"vc_single_image-wrapper   vc_box_border_grey\"><img decoding=\"async\" class=\"vc_single_image-img \" src=\"https:\/\/adven-transition.com\/wp-content\/uploads\/2020\/10\/jeshoots-com-fzOITuS1DIQ-unsplash-2-300x300.jpg\" width=\"300\" height=\"300\" alt=\"jeshoots-com-fzOITuS1DIQ-unsplash\" title=\"jeshoots-com-fzOITuS1DIQ-unsplash\" \/><\/div>\n\t\t<\/div>\n\t<\/div>\n\n\t<div class=\"wpb_text_column wpb_content_element \">\n\t\t<div class=\"wpb_wrapper\">\n\t\t\t<p style=\"text-align: center;\"><strong>Mise en \u0153uvre et ex\u00e9cution du plan d\u2019actions<\/strong><\/p>\n\n\t\t<\/div>\n\t<\/div><\/div><\/div><\/div><div class=\"wpb_column vc_column_container vc_col-sm-4\"><div class=\"vc_column-inner vc_custom_1602828614609\"><div class=\"wpb_wrapper\">\n\t<div class=\"wpb_single_image wpb_content_element vc_align_center  vc_custom_1603274748165  deroule\">\n\t\t<div class=\"wpb_wrapper\">\n\t\t\t\n\t\t\t<div class=\"vc_single_image-wrapper   vc_box_border_grey\"><img decoding=\"async\" class=\"vc_single_image-img \" src=\"https:\/\/adven-transition.com\/wp-content\/uploads\/2020\/10\/AdobeStock_201973585-300x300.jpg\" width=\"300\" height=\"300\" alt=\"Business Finance, accounting, contract, advisor investment consulting marketing plan for the company with using tablet and computer technology in analysis.\" title=\"Business Finance, accounting, contract, advisor investment consulting marketing plan for the company with using tablet and computer technology in analysis.\" \/><\/div>\n\t\t<\/div>\n\t<\/div>\n\n\t<div class=\"wpb_text_column wpb_content_element \">\n\t\t<div class=\"wpb_wrapper\">\n\t\t\t<p style=\"text-align: center;\"><strong>Pilotage de la mission<\/strong><\/p>\n\n\t\t<\/div>\n\t<\/div><\/div><\/div><\/div><div class=\"wpb_column vc_column_container vc_col-sm-2\"><div class=\"vc_column-inner\"><div class=\"wpb_wrapper\"><\/div><\/div><\/div><\/div><\/div><div      class=\"vc_row wpb_row section vc_row-fluid vc_inner  vc_custom_1602828621712\" style=' text-align:left;'><div class=\" full_section_inner clearfix\"><div class=\"wpb_column vc_column_container vc_col-sm-4\"><div class=\"vc_column-inner\"><div class=\"wpb_wrapper\"><\/div><\/div><\/div><div class=\"wpb_column vc_column_container vc_col-sm-4\"><div class=\"vc_column-inner\"><div class=\"wpb_wrapper\">\n\t<div class=\"wpb_text_column wpb_content_element \">\n\t\t<div class=\"wpb_wrapper\">\n\t\t\t<p style=\"text-align: center;\"><span style=\"color: #750736;\"><strong>PHASE AVAL<\/strong><\/span><\/p>\n\n\t\t<\/div>\n\t<\/div><\/div><\/div><\/div><div class=\"wpb_column vc_column_container vc_col-sm-4\"><div class=\"vc_column-inner\"><div class=\"wpb_wrapper\"><\/div><\/div><\/div><\/div><\/div><div      class=\"vc_row wpb_row section vc_row-fluid vc_inner  vc_custom_1602179166086\" style=' text-align:left;'><div class=\" full_section_inner clearfix\"><div class=\"wpb_column vc_column_container vc_col-sm-4\"><div class=\"vc_column-inner\"><div class=\"wpb_wrapper\"><\/div><\/div><\/div><div class=\"wpb_column vc_column_container vc_col-sm-4\"><div class=\"vc_column-inner vc_custom_1602828628230\"><div class=\"wpb_wrapper\">\n\t<div class=\"wpb_single_image wpb_content_element vc_align_center  vc_custom_1603274761239  deroule\">\n\t\t<div class=\"wpb_wrapper\">\n\t\t\t\n\t\t\t<div class=\"vc_single_image-wrapper   vc_box_border_grey\"><img decoding=\"async\" class=\"vc_single_image-img \" src=\"https:\/\/adven-transition.com\/wp-content\/uploads\/2020\/10\/AdobeStock_200647937-300x300.jpg\" width=\"300\" height=\"300\" alt=\"Young businessman hand over keys with empty dark background\" title=\"Young man hand over keys\" \/><\/div>\n\t\t<\/div>\n\t<\/div>\n\n\t<div class=\"wpb_text_column wpb_content_element \">\n\t\t<div class=\"wpb_wrapper\">\n\t\t\t<p style=\"text-align: center;\"><strong>Conclusion et transfert de comp\u00e9tences<\/strong><\/p>\n\n\t\t<\/div>\n\t<\/div><\/div><\/div><\/div><div class=\"wpb_column vc_column_container vc_col-sm-4\"><div class=\"vc_column-inner\"><div class=\"wpb_wrapper\"><\/div><\/div><\/div><\/div><\/div><\/div><\/div><\/div><\/div><\/div><\/div><div      class=\"vc_row wpb_row section vc_row-fluid  grid_section\" style=' text-align:left;'><div class=\" section_inner clearfix\"><div class='section_inner_margin clearfix'><div class=\"wpb_column vc_column_container vc_col-sm-12 vc_hidden-sm vc_hidden-xs\"><div class=\"vc_column-inner\"><div class=\"wpb_wrapper\">\n\t<div class=\"wpb_single_image wpb_content_element vc_align_center\">\n\t\t<div class=\"wpb_wrapper\">\n\t\t\t\n\t\t\t<div class=\"vc_single_image-wrapper   vc_box_border_grey\"><img decoding=\"async\" width=\"2560\" height=\"205\" src=\"https:\/\/adven-transition.com\/wp-content\/uploads\/2020\/10\/Sans-titre-2.png\" class=\"vc_single_image-img attachment-full\" alt=\"\" title=\"Sans titre-2\" srcset=\"https:\/\/adven-transition.com\/wp-content\/uploads\/2020\/10\/Sans-titre-2.png 2560w, https:\/\/adven-transition.com\/wp-content\/uploads\/2020\/10\/Sans-titre-2-300x24.png 300w, https:\/\/adven-transition.com\/wp-content\/uploads\/2020\/10\/Sans-titre-2-1024x82.png 1024w, https:\/\/adven-transition.com\/wp-content\/uploads\/2020\/10\/Sans-titre-2-768x62.png 768w, https:\/\/adven-transition.com\/wp-content\/uploads\/2020\/10\/Sans-titre-2-1536x123.png 1536w, https:\/\/adven-transition.com\/wp-content\/uploads\/2020\/10\/Sans-titre-2-2048x164.png 2048w, https:\/\/adven-transition.com\/wp-content\/uploads\/2020\/10\/Sans-titre-2-700x56.png 700w\" sizes=\"(max-width: 2560px) 100vw, 2560px\" \/><\/div>\n\t\t<\/div>\n\t<\/div>\n<\/div><\/div><\/div><\/div><\/div><\/div><div      class=\"vc_row wpb_row section vc_row-fluid  vc_custom_1598352475281 grid_section\" style=' text-align:left;'><div class=\" section_inner clearfix\"><div class='section_inner_margin clearfix'><div class=\"wpb_column vc_column_container vc_col-sm-12\"><div class=\"vc_column-inner\"><div class=\"wpb_wrapper\">\n\t<div class=\"wpb_text_column wpb_content_element \">\n\t\t<div class=\"wpb_wrapper\">\n\t\t\t<p>Le Manager de Transition, avec l\u2019appui de l\u2019Associ\u00e9 du cabinet en charge de la supervision de la mission, assure la communication et le reporting aupr\u00e8s des instances dirigeantes de nos clients tout au long du projet. Des comit\u00e9s de pilotage tripartites se tiennent mensuellement afin de mesurer l\u2019\u00e9tat d\u2019avancement au regard des objectifs d\u00e9finis dans la lettre de mission.<br \/>\nUne fois la mission termin\u00e9e, la responsabilit\u00e9 des actions engag\u00e9es est transmise \u00e0 la Direction de l\u2019entreprise afin d\u2019assurer la continuit\u00e9 et la p\u00e9rennit\u00e9 des r\u00e9sultats acquis.<\/p>\n\n\t\t<\/div>\n\t<\/div><\/div><\/div><\/div><\/div><\/div><\/div><div      class=\"vc_row wpb_row section vc_row-fluid  vc_custom_1602230090214\" style=' text-align:left;'><div class=\" full_section_inner clearfix\"><div class=\"wpb_column vc_column_container vc_col-sm-12\"><div class=\"vc_column-inner\"><div class=\"wpb_wrapper\">\n\t<div class=\"wpb_text_column wpb_content_element  vc_custom_1602828680924\">\n\t\t<div class=\"wpb_wrapper\">\n\t\t\t<h2 style=\"text-align: center;\"><span style=\"color: #000000;\">Business Cases<\/span><\/h2>\n\n\t\t<\/div>\n\t<\/div><\/div><\/div><\/div><\/div><\/div><div      class=\"vc_row wpb_row section vc_row-fluid  vc_custom_1602171677672 grid_section\" style=' text-align:left;'><div class=\" section_inner clearfix\"><div class='section_inner_margin clearfix'><div class=\"wpb_column vc_column_container vc_col-sm-12\"><div class=\"vc_column-inner\"><div class=\"wpb_wrapper\">\n\t<div class=\"wpb_text_column wpb_content_element  vc_custom_1603903500307\">\n\t\t<div class=\"wpb_wrapper\">\n\t\t\t<h3 style=\"text-align: center;\"><span style=\"color: #2483ae;\">Lancement d&#8217;un projet strat\u00e9gique<\/span><\/h3>\n\n\t\t<\/div>\n\t<\/div><div id=\"bcase\" class=\"ts-horizontal-steps    ts-horizontal-steps-ltr\" style=\"margin-top: 0px; margin-bottom: 0px;\"  data-layoutrtl=\"false\" data-lastwidth=\"0\" data-frontend=\"false\" data-minwidth=\"200\" data-maxwidth=\"400\" data-stepinner=\"80\" data-iconsize=\"50\" data-iconlimit=\"true\" data-iconmax=\"75\"><ul class=\"ts-horizontal-steps-list\"><li id=\"ts-vcsc-horizontal-steps-single-4185920\" class=\"ts-horizontal-steps-item bcol1  ts-box-icon  \"  data-frontend=\"false\" style=\"\"><span class=\"ts-horizontal-step-icon ts-radius-none\"><i class=\"fas fa-hand-point-right ts-hover-css-none\"><\/i><\/span><div class=\"ts-horizontal-step-content\"><h3 class=\"ts-horizontal-step-title\" style=\"color: 4e4e4e;\"><\/h3><div class=\"clearboth\"><\/div><\/div><\/li><li id=\"ts-vcsc-horizontal-steps-single-9956848\" class=\"ts-horizontal-steps-item bcol2  ts-box-icon  \"  data-frontend=\"false\" style=\"\"><span class=\"ts-horizontal-step-icon ts-radius-none\"><i class=\"fas fa-cogs ts-hover-css-none\"><\/i><\/span><div class=\"ts-horizontal-step-content\"><h3 class=\"ts-horizontal-step-title\" style=\"color: 4e4e4e;\">CONTEXTE<\/h3><div class=\"clearboth\"><\/div><div class=\"ts-horizontal-step-description\" style=\"color: #6c6c6c; text-align: left; font-size: 14px;\">Une entreprise de services de diffusion de t\u00e9l\u00e9vision en France prend la d\u00e9cision de faire \u00e9voluer son Business Model, passant du statut de fournisseur d\u2019\u00e9quipements \u00e0 celui de fournisseur et diffuseur de contenus, et voit de fait augmenter significativement le nombre de ses clients.<\/div><\/div><\/li><li id=\"ts-vcsc-horizontal-steps-single-4271679\" class=\"ts-horizontal-steps-item bcol3  ts-box-icon  \"  data-frontend=\"false\" style=\"\"><span class=\"ts-horizontal-step-icon ts-radius-none\"><i class=\"far fa-lightbulb ts-hover-css-none\"><\/i><\/span><div class=\"ts-horizontal-step-content\"><h3 class=\"ts-horizontal-step-title\" style=\"color: 4e4e4e;\">MISSION<\/h3><div class=\"clearboth\"><\/div><div class=\"ts-horizontal-step-description\" style=\"color: #6c6c6c; text-align: left; font-size: 14px;\">Adven Transition se voit confier la mise en place du dispositif de Relation Client multicanale B to C, dans le but de r\u00e9pondre aux deux enjeux strat\u00e9giques majeurs soulev\u00e9s par cette situation, \u00e0 savoir d\u00e9livrer un Service Client de qualit\u00e9, afin de d\u00e9velopper la fid\u00e9lit\u00e9, la prescription, et donc le chiffre d\u2019affaires, et ma\u00eetriser, voire r\u00e9duire les co\u00fbts d\u2019exploitation, pour conserver des marges de man\u0153uvre op\u00e9rationnelles.<\/div><\/div><\/li><li id=\"ts-vcsc-horizontal-steps-single-8574791\" class=\"ts-horizontal-steps-item bcol4  ts-box-icon  \"  data-frontend=\"false\" style=\"\"><span class=\"ts-horizontal-step-icon ts-radius-none\"><i class=\"fas fa-clipboard-list ts-hover-css-none\"><\/i><\/span><div class=\"ts-horizontal-step-content\"><h3 class=\"ts-horizontal-step-title\" style=\"color: 4e4e4e;\">METHODE<\/h3><div class=\"clearboth\"><\/div><div class=\"ts-horizontal-step-description\" style=\"color: #6c6c6c; text-align: left; font-size: 14px;\">Apr\u00e8s une phase d\u2019audit et de diagnostic, nous avons formul\u00e9 et mis en oeuvre des recommandations strat\u00e9giques autour du Parcours Client (ma\u00eetrise des flux en fonction de la valeur des contacts), des outils (r\u00e9ponse aux enjeux d\u2019organisation et de co\u00fbt via la bonne technologie), de l\u2019organisation, (minimisation des co\u00fbts pour les engagements de service), et des op\u00e9rations (d\u00e9veloppement de l\u2019excellence op\u00e9rationnelle pour am\u00e9liorer productivit\u00e9 et qualit\u00e9).<\/div><\/div><\/li><li id=\"ts-vcsc-horizontal-steps-single-6847358\" class=\"ts-horizontal-steps-item bcol5  ts-box-icon  \"  data-frontend=\"false\" style=\"\"><span class=\"ts-horizontal-step-icon ts-radius-none\"><i class=\"fas fa-check ts-hover-css-none\"><\/i><\/span><div class=\"ts-horizontal-step-content\"><h3 class=\"ts-horizontal-step-title\" style=\"color: 4e4e4e;\">RESULTATS<\/h3><div class=\"clearboth\"><\/div><div class=\"ts-horizontal-step-description\" style=\"color: #6c6c6c; text-align: left; font-size: 14px;\">Notre client dispose aujourd\u2019hui d\u2019un service de Relation Client B to C diff\u00e9renciant, bas\u00e9 sur l\u2019am\u00e9lioration de l\u2019exp\u00e9rience client, et parfaitement  op\u00e9rationnel sur les diff\u00e9rents canaux o\u00f9 il op\u00e8re. En parall\u00e8le, la mise en place d\u2019instances de gouvernance sp\u00e9cifiques et de KPI de performance ainsi que la\nformation continue de l\u2019ensemble des \u00e9quipes ont permis de d\u00e9velopper et\nrenforcer la culture client dans une organisation aux fondamentaux B to B.<\/div><\/div><\/li><div class=\"clearboth\"><\/div><\/ul><\/div><\/div><\/div><\/div><\/div><\/div><\/div><div      class=\"vc_row wpb_row section vc_row-fluid  vc_custom_1602171685144 grid_section\" style=' text-align:left;'><div class=\" section_inner clearfix\"><div class='section_inner_margin clearfix'><div class=\"wpb_column vc_column_container vc_col-sm-12\"><div class=\"vc_column-inner\"><div class=\"wpb_wrapper\">\n\t<div class=\"wpb_text_column wpb_content_element  vc_custom_1603274871238\">\n\t\t<div class=\"wpb_wrapper\">\n\t\t\t<h3 style=\"text-align: center;\"><span style=\"color: #2483ae;\">Am\u00e9lioration de la performance<\/span><\/h3>\n\n\t\t<\/div>\n\t<\/div><div id=\"bcase\" class=\"ts-horizontal-steps    ts-horizontal-steps-ltr\" style=\"margin-top: 0px; margin-bottom: 0px;\"  data-layoutrtl=\"false\" data-lastwidth=\"0\" data-frontend=\"false\" data-minwidth=\"200\" data-maxwidth=\"260\" data-stepinner=\"80\" data-iconsize=\"50\" data-iconlimit=\"true\" data-iconmax=\"75\"><ul class=\"ts-horizontal-steps-list\"><li id=\"ts-vcsc-horizontal-steps-single-3375418\" class=\"ts-horizontal-steps-item bcol1  ts-box-icon  \"  data-frontend=\"false\" style=\"\"><span class=\"ts-horizontal-step-icon ts-radius-none\"><i class=\"fas fa-hand-point-right ts-hover-css-none\"><\/i><\/span><div class=\"ts-horizontal-step-content\"><h3 class=\"ts-horizontal-step-title\" style=\"color: 4e4e4e;\">CONTEXTE<\/h3><div class=\"clearboth\"><\/div><div class=\"ts-horizontal-step-description\" style=\"color: #6c6c6c; text-align: left; font-size: 14px;\">Dans un march\u00e9 de plus en plus concurrentiel, une entreprise dans le secteur de la gastronomie de luxe, dont le chiffre d'affaires et les marges stagnent, souhaite structurer et optimiser l\u2019activit\u00e9 de son r\u00e9seau de boutiques int\u00e9gr\u00e9es.<\/div><\/div><\/li><li id=\"ts-vcsc-horizontal-steps-single-9147745\" class=\"ts-horizontal-steps-item bcol2  ts-box-icon  \"  data-frontend=\"false\" style=\"\"><span class=\"ts-horizontal-step-icon ts-radius-none\"><i class=\"fas fa-cogs ts-hover-css-none\"><\/i><\/span><div class=\"ts-horizontal-step-content\"><h3 class=\"ts-horizontal-step-title\" style=\"color: 4e4e4e;\">CONTEXTE<\/h3><div class=\"clearboth\"><\/div><div class=\"ts-horizontal-step-description\" style=\"color: #6c6c6c; text-align: left; font-size: 14px;\">Dans un march\u00e9 de plus en plus concurrentiel, une entreprise dans le secteur de la gastronomie de luxe, dont le chiffre d'affaires et les marges stagnent, souhaite structurer et optimiser l\u2019activit\u00e9 de son r\u00e9seau de boutiques int\u00e9gr\u00e9es.<\/div><\/div><\/li><li id=\"ts-vcsc-horizontal-steps-single-7307942\" class=\"ts-horizontal-steps-item bcol3  ts-box-icon  \"  data-frontend=\"false\" style=\"\"><span class=\"ts-horizontal-step-icon ts-radius-none\"><i class=\"far fa-lightbulb ts-hover-css-none\"><\/i><\/span><div class=\"ts-horizontal-step-content\"><h3 class=\"ts-horizontal-step-title\" style=\"color: 4e4e4e;\">MISSION<\/h3><div class=\"clearboth\"><\/div><div class=\"ts-horizontal-step-description\" style=\"color: #6c6c6c; text-align: left; font-size: 14px;\">Dans ce contexte, le Comit\u00e9 Ex\u00e9cutif prend la d\u00e9cision de confier \u00e0 Adven Transition l'ex\u00e9cution d\u2019une mission dont les objectifs seront de redresser la performance du r\u00e9seau, redynamiser et restructurer l\u2019\u00e9quipe commerciale.<\/div><\/div><\/li><li id=\"ts-vcsc-horizontal-steps-single-9328196\" class=\"ts-horizontal-steps-item bcol4  ts-box-icon  \"  data-frontend=\"false\" style=\"\"><span class=\"ts-horizontal-step-icon ts-radius-none\"><i class=\"fas fa-clipboard-list ts-hover-css-none\"><\/i><\/span><div class=\"ts-horizontal-step-content\"><h3 class=\"ts-horizontal-step-title\" style=\"color: 4e4e4e;\">METHODE<\/h3><div class=\"clearboth\"><\/div><div class=\"ts-horizontal-step-description\" style=\"color: #6c6c6c; text-align: left; font-size: 14px;\">Afin d'harmoniser le service client au sein du r\u00e9seau, de red\u00e9ployer la dynamique interne et de fluidifier la communication entre les diff\u00e9rents services de cette ETI, nous avons constitu\u00e9 un groupe de travail interne, compos\u00e9 des \u00e9quipes commerciale et marketing, des repr\u00e9sentants RH et \"formations\" et d'un \u00e9chantillon de vendeurs, et ayant pour mission d\u2019\u00e9laborer une charte de signatures de service r\u00e9pondant aux sp\u00e9cificit\u00e9s et exigences de la marque.<\/div><\/div><\/li><li id=\"ts-vcsc-horizontal-steps-single-2320343\" class=\"ts-horizontal-steps-item bcol5  ts-box-icon  \"  data-frontend=\"false\" style=\"\"><span class=\"ts-horizontal-step-icon ts-radius-none\"><i class=\"fas fa-check ts-hover-css-none\"><\/i><\/span><div class=\"ts-horizontal-step-content\"><h3 class=\"ts-horizontal-step-title\" style=\"color: 4e4e4e;\">RESULTATS<\/h3><div class=\"clearboth\"><\/div><div class=\"ts-horizontal-step-description\" style=\"color: #6c6c6c; text-align: left; font-size: 14px;\">Cette collaboration transverse a permis de r\u00e9concilier les \u00e9quipes autour de la satisfaction client. Les processus internes sont revus et optimis\u00e9s, les tableaux de bord simplifi\u00e9s, mais surtout, les \u00e9quipes communiquent et prennent du plaisir \u00e0 travailler\nensemble. Par capillarit\u00e9, les \u00e9quipes de ventes appr\u00e9cient la pr\u00e9sence renforc\u00e9e de leurs managers, devenus \u00absupports\u00bb et \u00e0 l\u2019\u00e9coute de leurs besoins.<\/div><\/div><\/li><div class=\"clearboth\"><\/div><\/ul><\/div><\/div><\/div><\/div><\/div><\/div><\/div><div      class=\"vc_row wpb_row section vc_row-fluid  vc_custom_1602171677672 grid_section\" style=' text-align:left;'><div class=\" section_inner clearfix\"><div class='section_inner_margin clearfix'><div class=\"wpb_column vc_column_container vc_col-sm-12\"><div class=\"vc_column-inner\"><div class=\"wpb_wrapper\">\n\t<div class=\"wpb_text_column wpb_content_element  vc_custom_1603275165114\">\n\t\t<div class=\"wpb_wrapper\">\n\t\t\t<h3 style=\"text-align: center;\"><span style=\"color: #2483ae;\">Remplacement temporaire d&#8217;un dirigeant<\/span><\/h3>\n\n\t\t<\/div>\n\t<\/div><div id=\"bcase\" class=\"ts-horizontal-steps    ts-horizontal-steps-ltr\" style=\"margin-top: 0px; margin-bottom: 0px;\"  data-layoutrtl=\"false\" data-lastwidth=\"0\" data-frontend=\"false\" data-minwidth=\"200\" data-maxwidth=\"400\" data-stepinner=\"80\" data-iconsize=\"50\" data-iconlimit=\"true\" data-iconmax=\"75\"><ul class=\"ts-horizontal-steps-list\"><li id=\"ts-vcsc-horizontal-steps-single-8628227\" class=\"ts-horizontal-steps-item bcol1  ts-box-icon  \"  data-frontend=\"false\" style=\"\"><span class=\"ts-horizontal-step-icon ts-radius-none\"><i class=\"fas fa-hand-point-right ts-hover-css-none\"><\/i><\/span><div class=\"ts-horizontal-step-content\"><h3 class=\"ts-horizontal-step-title\" style=\"color: 4e4e4e;\"><\/h3><div class=\"clearboth\"><\/div><\/div><\/li><li id=\"ts-vcsc-horizontal-steps-single-9909968\" class=\"ts-horizontal-steps-item bcol2  ts-box-icon  \"  data-frontend=\"false\" style=\"\"><span class=\"ts-horizontal-step-icon ts-radius-none\"><i class=\"fas fa-cogs ts-hover-css-none\"><\/i><\/span><div class=\"ts-horizontal-step-content\"><h3 class=\"ts-horizontal-step-title\" style=\"color: 4e4e4e;\">CONTEXTE<\/h3><div class=\"clearboth\"><\/div><div class=\"ts-horizontal-step-description\" style=\"color: #6c6c6c; text-align: left; font-size: 14px;\">Un leader europ\u00e9en ind\u00e9pendant des services multi techniques dans les domaines de l\u2019\u00e9nergie et des communications subit le d\u00e9part du Directeur de son d\u00e9partement \"Tools, Process & Reporting\".<\/div><\/div><\/li><li id=\"ts-vcsc-horizontal-steps-single-7127655\" class=\"ts-horizontal-steps-item bcol3  ts-box-icon  \"  data-frontend=\"false\" style=\"\"><span class=\"ts-horizontal-step-icon ts-radius-none\"><i class=\"far fa-lightbulb ts-hover-css-none\"><\/i><\/span><div class=\"ts-horizontal-step-content\"><h3 class=\"ts-horizontal-step-title\" style=\"color: 4e4e4e;\">MISSION<\/h3><div class=\"clearboth\"><\/div><div class=\"ts-horizontal-step-description\" style=\"color: #6c6c6c; text-align: left; font-size: 14px;\">Suite au d\u00e9part du pr\u00e9c\u00e9dent titulaire du poste et dans l'attente de la finalisation du recrutement de son successeur, l\u2019entreprise a d\u00e9cid\u00e9 de faire appel \u00e0 un Manager de Transition afin de reprendre au pied lev\u00e9 la Direction du d\u00e9partement, tout en assurant la conduite de projets strat\u00e9giques majeurs.<\/div><\/div><\/li><li id=\"ts-vcsc-horizontal-steps-single-1971926\" class=\"ts-horizontal-steps-item bcol4  ts-box-icon  \"  data-frontend=\"false\" style=\"\"><span class=\"ts-horizontal-step-icon ts-radius-none\"><i class=\"fas fa-clipboard-list ts-hover-css-none\"><\/i><\/span><div class=\"ts-horizontal-step-content\"><h3 class=\"ts-horizontal-step-title\" style=\"color: 4e4e4e;\">METHODE<\/h3><div class=\"clearboth\"><\/div><div class=\"ts-horizontal-step-description\" style=\"color: #6c6c6c; text-align: left; font-size: 14px;\">Dans un contexte de changement li\u00e9 \u00e0 la croissance de notre client, nous avons contribuer \u00e0 la d\u00e9finition de la strat\u00e9gie de digitalisation achats et \u00e0 l'accompagnement des \u00e9quipes dans leur progression. En parall\u00e8le, nous avons pris en charge le projet eProcurement, dont l'ambition est d'engager plusieurs milliers d'utilisateurs impliqu\u00e9s dans les processus achats : charg\u00e9s d'affaires, acheteurs, comptables, pour l'ensemble Groupe.<\/div><\/div><\/li><li id=\"ts-vcsc-horizontal-steps-single-4632165\" class=\"ts-horizontal-steps-item bcol5  ts-box-icon  \"  data-frontend=\"false\" style=\"\"><span class=\"ts-horizontal-step-icon ts-radius-none\"><i class=\"fas fa-check ts-hover-css-none\"><\/i><\/span><div class=\"ts-horizontal-step-content\"><h3 class=\"ts-horizontal-step-title\" style=\"color: 4e4e4e;\">RESULTATS<\/h3><div class=\"clearboth\"><\/div><div class=\"ts-horizontal-step-description\" style=\"color: #6c6c6c; text-align: left; font-size: 14px;\">Notre Manager de Transition a su comprendre rapidement les enjeux de sa mission, \u00e0 savoir rassurer les \u00e9quipes dans un contexte de changement et dynamiser le projet eProcurement. En l'espace de 6 mois, il a men\u00e9 un processus de s\u00e9lection d'\u00e9diteurs et int\u00e9grateurs en impliquant plus de 50 acteurs internes, depuis les \u00e9quipes op\u00e9rationnelles jusqu'aux membres du Comit\u00e9 de Direction du Groupe.<\/div><\/div><\/li><div class=\"clearboth\"><\/div><\/ul><\/div><\/div><\/div><\/div><\/div><\/div><\/div><div      class=\"vc_row wpb_row section vc_row-fluid  vc_custom_1602171685144 grid_section\" style=' text-align:left;'><div class=\" section_inner clearfix\"><div class='section_inner_margin clearfix'><div class=\"wpb_column vc_column_container vc_col-sm-12\"><div class=\"vc_column-inner\"><div class=\"wpb_wrapper\">\n\t<div class=\"wpb_text_column wpb_content_element  vc_custom_1603274813261\">\n\t\t<div class=\"wpb_wrapper\">\n\t\t\t<h3 style=\"text-align: center;\"><span style=\"color: #2483ae;\">Transformation organisationnelle<\/span><\/h3>\n\n\t\t<\/div>\n\t<\/div><div id=\"bcase\" class=\"ts-horizontal-steps    ts-horizontal-steps-ltr\" style=\"margin-top: 0px; margin-bottom: 0px;\"  data-layoutrtl=\"false\" data-lastwidth=\"0\" data-frontend=\"false\" data-minwidth=\"200\" data-maxwidth=\"260\" data-stepinner=\"80\" data-iconsize=\"50\" data-iconlimit=\"true\" data-iconmax=\"75\"><ul class=\"ts-horizontal-steps-list\"><li id=\"ts-vcsc-horizontal-steps-single-9943948\" class=\"ts-horizontal-steps-item bcol1  ts-box-icon  \"  data-frontend=\"false\" style=\"\"><span class=\"ts-horizontal-step-icon ts-radius-none\"><i class=\"fas fa-hand-point-right ts-hover-css-none\"><\/i><\/span><div class=\"ts-horizontal-step-content\"><h3 class=\"ts-horizontal-step-title\" style=\"color: 4e4e4e;\">CONTEXTE<\/h3><div class=\"clearboth\"><\/div><div class=\"ts-horizontal-step-description\" style=\"color: #6c6c6c; text-align: left; font-size: 14px;\">Dans un march\u00e9 de plus en plus concurrentiel, une entreprise dans le secteur de la gastronomie de luxe, dont le chiffre d'affaires et les marges stagnent, souhaite structurer et optimiser l\u2019activit\u00e9 de son r\u00e9seau de boutiques int\u00e9gr\u00e9es.<\/div><\/div><\/li><li id=\"ts-vcsc-horizontal-steps-single-5717219\" class=\"ts-horizontal-steps-item bcol2  ts-box-icon  \"  data-frontend=\"false\" style=\"\"><span class=\"ts-horizontal-step-icon ts-radius-none\"><i class=\"fas fa-cogs ts-hover-css-none\"><\/i><\/span><div class=\"ts-horizontal-step-content\"><h3 class=\"ts-horizontal-step-title\" style=\"color: 4e4e4e;\">CONTEXTE<\/h3><div class=\"clearboth\"><\/div><div class=\"ts-horizontal-step-description\" style=\"color: #6c6c6c; text-align: left; font-size: 14px;\">Notre entreprise cliente d\u00e9veloppe, sous un mode \u00ab franchise \u00bb des concepts innovants inspir\u00e9s de la culture asiatique, dans les\nsecteurs de la restauration et de la grande distribution. Pr\u00e9sent dans plus de 600 points de production et de vente r\u00e9partis dans 10 pays europ\u00e9ens, le groupe poursuit activement son expansion en Europe, et travaille \u00e0 l\u2019introduction de nouveaux concepts disruptifs.<\/div><\/div><\/li><li id=\"ts-vcsc-horizontal-steps-single-5869965\" class=\"ts-horizontal-steps-item bcol3  ts-box-icon  \"  data-frontend=\"false\" style=\"\"><span class=\"ts-horizontal-step-icon ts-radius-none\"><i class=\"far fa-lightbulb ts-hover-css-none\"><\/i><\/span><div class=\"ts-horizontal-step-content\"><h3 class=\"ts-horizontal-step-title\" style=\"color: 4e4e4e;\">MISSION<\/h3><div class=\"clearboth\"><\/div><div class=\"ts-horizontal-step-description\" style=\"color: #6c6c6c; text-align: left; font-size: 14px;\">Afin d\u2019accompagner sa forte croissance, notre client a d\u00e9cid\u00e9 de se doter des outils IT n\u00e9cessaires au pilotage du business, tant en central pour les structures de si\u00e8ge, qu\u2019en local pour les points de vente. Ces \u00e9volutions majeures lui imposent de structurer son p\u00f4le IT par la transformation de ses r\u00f4les et missions au sein du Groupe. Dans ce contexte, le Comit\u00e9 Ex\u00e9cutif a d\u00e9cid\u00e9 de s'en remettre \u00e0 Adven Transition pour mener \u00e0 bien cette Transformation.<\/div><\/div><\/li><li id=\"ts-vcsc-horizontal-steps-single-8291454\" class=\"ts-horizontal-steps-item bcol4  ts-box-icon  \"  data-frontend=\"false\" style=\"\"><span class=\"ts-horizontal-step-icon ts-radius-none\"><i class=\"fas fa-clipboard-list ts-hover-css-none\"><\/i><\/span><div class=\"ts-horizontal-step-content\"><h3 class=\"ts-horizontal-step-title\" style=\"color: 4e4e4e;\">METHODE<\/h3><div class=\"clearboth\"><\/div><div class=\"ts-horizontal-step-description\" style=\"color: #6c6c6c; text-align: left; font-size: 14px;\">La mission a suivi deux phases distinctes. Tandis que l'objectif de la premi\u00e8re phase \u00e9tait la poursuite des actions d\u00e9j\u00e0 engag\u00e9es (pilotage des projets et pilotage budg\u00e9taire), la seconde partie de la mission a \u00e9volu\u00e9 vers la dimension organisationnelle du p\u00f4le IT (d\u00e9finition, dimensionnement, recrutement et mise en place de la nouvelle organisation du p\u00f4le).<\/div><\/div><\/li><li id=\"ts-vcsc-horizontal-steps-single-3939801\" class=\"ts-horizontal-steps-item bcol5  ts-box-icon  \"  data-frontend=\"false\" style=\"\"><span class=\"ts-horizontal-step-icon ts-radius-none\"><i class=\"fas fa-check ts-hover-css-none\"><\/i><\/span><div class=\"ts-horizontal-step-content\"><h3 class=\"ts-horizontal-step-title\" style=\"color: 4e4e4e;\">RESULTATS<\/h3><div class=\"clearboth\"><\/div><div class=\"ts-horizontal-step-description\" style=\"color: #6c6c6c; text-align: left; font-size: 14px;\">A la fin de la mission, le Groupe dispose de l\u2019outil lui permettant d\u2019acc\u00e9l\u00e9rer sa croissance tout en la ma\u00eetrisant, avec une gouvernance structur\u00e9e donnant la possibilit\u00e9 aux M\u00e9tiers du Groupe de b\u00e9n\u00e9ficier de solutions pour soutenir leurs objectifs business, dans une logique permanente de contr\u00f4le budg\u00e9taire.<\/div><\/div><\/li><div class=\"clearboth\"><\/div><\/ul><\/div><\/div><\/div><\/div><\/div><\/div><\/div>\n<\/div>","protected":false},"excerpt":{"rendered":"Qu'est-ce que le Management de Transition ? Le Management de Transition trouve son origine aux Pays-Bas et aux \u00c9tats-Unis dans les ann\u00e9es 70. Ce n\u2019est que dans les ann\u00e9es 2000 qu\u2019il appara\u00eet en France, connaissant une croissance importante depuis lors. &nbsp; Dans un premier temps,...","protected":false},"author":4,"featured_media":0,"parent":0,"menu_order":1,"comment_status":"closed","ping_status":"closed","template":"full_width.php","meta":{"_seopress_robots_primary_cat":"","_seopress_titles_title":"Notre Expertise - ADVEN TRANSITION","_seopress_titles_desc":"Le Management de Transition trouve son origine aux Pays-Bas et aux \u00c9tats-Unis dans les ann\u00e9es 70. Ce n\u2019est que dans les ann\u00e9es 2000 qu\u2019il appara\u00eet en France, connaissant une croissance importante depuis lors.","_seopress_robots_index":"","footnotes":""},"class_list":["post-449","page","type-page","status-publish","hentry"],"_links":{"self":[{"href":"https:\/\/adven-transition.com\/fr\/wp-json\/wp\/v2\/pages\/449","targetHints":{"allow":["GET"]}}],"collection":[{"href":"https:\/\/adven-transition.com\/fr\/wp-json\/wp\/v2\/pages"}],"about":[{"href":"https:\/\/adven-transition.com\/fr\/wp-json\/wp\/v2\/types\/page"}],"author":[{"embeddable":true,"href":"https:\/\/adven-transition.com\/fr\/wp-json\/wp\/v2\/users\/4"}],"replies":[{"embeddable":true,"href":"https:\/\/adven-transition.com\/fr\/wp-json\/wp\/v2\/comments?post=449"}],"version-history":[{"count":0,"href":"https:\/\/adven-transition.com\/fr\/wp-json\/wp\/v2\/pages\/449\/revisions"}],"wp:attachment":[{"href":"https:\/\/adven-transition.com\/fr\/wp-json\/wp\/v2\/media?parent=449"}],"curies":[{"name":"wp","href":"https:\/\/api.w.org\/{rel}","templated":true}]}}